{"id":1455,"date":"2026-01-24T17:38:38","date_gmt":"2026-01-24T16:38:38","guid":{"rendered":"https:\/\/staging.schuetzenverein-sudendorf-schierloh.de\/?page_id=1455"},"modified":"2026-01-24T17:38:38","modified_gmt":"2026-01-24T16:38:38","slug":"beitraege-schiessgruppe","status":"publish","type":"page","link":"https:\/\/schuetzenverein-sudendorf-schierloh.de\/?page_id=1455","title":{"rendered":"Beitr\u00e4ge Schie\u00dfgruppe"},"content":{"rendered":"<ul class=\"wp-block-latest-posts__list has-dates wp-block-latest-posts\"><li><div class=\"wp-block-latest-posts__featured-image aligncenter\"><img loading=\"lazy\" decoding=\"async\" width=\"1024\" height=\"222\" src=\"https:\/\/schuetzenverein-sudendorf-schierloh.de\/wp-content\/uploads\/2023\/01\/Schiessgruppe-1024x222.png\" class=\"attachment-large size-large wp-post-image\" alt=\"\" style=\"\" srcset=\"https:\/\/schuetzenverein-sudendorf-schierloh.de\/wp-content\/uploads\/2023\/01\/Schiessgruppe-1024x222.png 1024w, https:\/\/schuetzenverein-sudendorf-schierloh.de\/wp-content\/uploads\/2023\/01\/Schiessgruppe-300x65.png 300w, https:\/\/schuetzenverein-sudendorf-schierloh.de\/wp-content\/uploads\/2023\/01\/Schiessgruppe-768x167.png 768w, https:\/\/schuetzenverein-sudendorf-schierloh.de\/wp-content\/uploads\/2023\/01\/Schiessgruppe-604x131.png 604w, https:\/\/schuetzenverein-sudendorf-schierloh.de\/wp-content\/uploads\/2023\/01\/Schiessgruppe.png 1093w\" sizes=\"auto, (max-width: 1024px) 100vw, 1024px\" \/><\/div><a class=\"wp-block-latest-posts__post-title\" href=\"https:\/\/schuetzenverein-sudendorf-schierloh.de\/?p=1634\">Nachwuchs holt Einzel- und Mannschaftssieg<\/a><time datetime=\"2026-03-09T19:12:58+01:00\" class=\"wp-block-latest-posts__post-date\">9. M\u00e4rz 2026<\/time><div class=\"wp-block-latest-posts__post-full-content\"><!-- wp:heading {\"fontSize\":\"large\"} -->\n<h2 class=\"wp-block-heading has-large-font-size\">Nachwuchs holt Einzel- und Mannschaftssieg<\/h2>\n<!-- \/wp:heading -->\n\n<!-- wp:paragraph -->\n<p>Der Sch\u00fctzennachwuchs des Sch\u00fctzenvereins Sudendorf-Schierloh hat beim Rundenwettkampf des Sch\u00fctzenkreises Teutoburger Wald starke Leistungen gezeigt:<br>Fiete Heringhaus, Felix Versmold und Ole Inkrot nahmen an drei Schie\u00dfterminen teil und konnten dabei mit konstant guten Ergebnissen \u00fcberzeugen. Besonders erfolgreich verlief der Wettkampf f\u00fcr Felix und Ole: Beide geh\u00f6rten am Ende zu den vier Bestplatzierten und qualifizierten sich damit f\u00fcr das abschlie\u00dfende Finale.<br>Dort lieferten sich die beiden Vereinskameraden ein spannendes Duell bis zum letzten Schuss. Am Ende setzte sich Ole denkbar knapp durch und gewann den Rundenwettkampf mit nur 0,1 Ringen Vorsprung vor Felix. Damit gingen die beiden vorderen Pl\u00e4tze an den Nachwuchs aus Sudendorf-Schierloh \u2013 ein sch\u00f6ner Erfolg f\u00fcr die jungen Sch\u00fctzen und ihren<br>Verein.<br>Auch in der Mannschaftswertung gab es Grund zum Jubeln: Gemeinsam mit Fiete sicherten sich Ole und Felix als Team mit gro\u00dfem Abstand den Sieg im Rundenwettkampf. Damit unterstrich der Nachwuchs des Sch\u00fctzenvereins Sudendorf-Schierloh eindrucksvoll seine starke Form.<\/p>\n<!-- \/wp:paragraph -->\n\n<!-- wp:image {\"id\":1635,\"sizeSlug\":\"large\",\"linkDestination\":\"media\"} -->\n<figure class=\"wp-block-image size-large\"><a href=\"https:\/\/schuetzenverein-sudendorf-schierloh.de\/wp-content\/uploads\/2026\/03\/So-sehen-Sieger-aus.-von-Links-Fiete-Heringhaus-Felix-Versmold-und-Ole-Inkrot-scaled.jpg\"><img loading=\"lazy\" decoding=\"async\" width=\"768\" height=\"1024\" src=\"https:\/\/schuetzenverein-sudendorf-schierloh.de\/wp-content\/uploads\/2026\/03\/So-sehen-Sieger-aus.-von-Links-Fiete-Heringhaus-Felix-Versmold-und-Ole-Inkrot-768x1024.jpg\" alt=\"\" class=\"wp-image-1635\" srcset=\"https:\/\/schuetzenverein-sudendorf-schierloh.de\/wp-content\/uploads\/2026\/03\/So-sehen-Sieger-aus.-von-Links-Fiete-Heringhaus-Felix-Versmold-und-Ole-Inkrot-768x1024.jpg 768w, https:\/\/schuetzenverein-sudendorf-schierloh.de\/wp-content\/uploads\/2026\/03\/So-sehen-Sieger-aus.-von-Links-Fiete-Heringhaus-Felix-Versmold-und-Ole-Inkrot-225x300.jpg 225w, https:\/\/schuetzenverein-sudendorf-schierloh.de\/wp-content\/uploads\/2026\/03\/So-sehen-Sieger-aus.-von-Links-Fiete-Heringhaus-Felix-Versmold-und-Ole-Inkrot-1152x1536.jpg 1152w, https:\/\/schuetzenverein-sudendorf-schierloh.de\/wp-content\/uploads\/2026\/03\/So-sehen-Sieger-aus.-von-Links-Fiete-Heringhaus-Felix-Versmold-und-Ole-Inkrot-1536x2048.jpg 1536w, https:\/\/schuetzenverein-sudendorf-schierloh.de\/wp-content\/uploads\/2026\/03\/So-sehen-Sieger-aus.-von-Links-Fiete-Heringhaus-Felix-Versmold-und-Ole-Inkrot-scaled.jpg 1920w\" sizes=\"auto, (max-width: 768px) 100vw, 768px\" \/><\/a><figcaption class=\"wp-element-caption\">So sehen Sieger aus\u2026 von links, Fiete Heringhaus, Felix Versmold und Ole Inkrot<\/figcaption><\/figure>\n<!-- \/wp:image --><\/div><\/li>\n<li><div class=\"wp-block-latest-posts__featured-image aligncenter\"><img loading=\"lazy\" decoding=\"async\" width=\"1024\" height=\"222\" src=\"https:\/\/schuetzenverein-sudendorf-schierloh.de\/wp-content\/uploads\/2023\/01\/Schiessgruppe-1024x222.png\" class=\"attachment-large size-large wp-post-image\" alt=\"\" style=\"\" srcset=\"https:\/\/schuetzenverein-sudendorf-schierloh.de\/wp-content\/uploads\/2023\/01\/Schiessgruppe-1024x222.png 1024w, https:\/\/schuetzenverein-sudendorf-schierloh.de\/wp-content\/uploads\/2023\/01\/Schiessgruppe-300x65.png 300w, https:\/\/schuetzenverein-sudendorf-schierloh.de\/wp-content\/uploads\/2023\/01\/Schiessgruppe-768x167.png 768w, https:\/\/schuetzenverein-sudendorf-schierloh.de\/wp-content\/uploads\/2023\/01\/Schiessgruppe-604x131.png 604w, https:\/\/schuetzenverein-sudendorf-schierloh.de\/wp-content\/uploads\/2023\/01\/Schiessgruppe.png 1093w\" sizes=\"auto, (max-width: 1024px) 100vw, 1024px\" \/><\/div><a class=\"wp-block-latest-posts__post-title\" href=\"https:\/\/schuetzenverein-sudendorf-schierloh.de\/?p=1611\">Generalversammlung der Schie\u00dfgruppe<\/a><time datetime=\"2026-01-10T18:46:08+01:00\" class=\"wp-block-latest-posts__post-date\">10. Januar 2026<\/time><div class=\"wp-block-latest-posts__post-full-content\"><!-- wp:heading {\"fontSize\":\"large\"} -->\n<h2 class=\"wp-block-heading has-large-font-size\">Generalversammlung der Schie\u00dfgruppe<\/h2>\n<!-- \/wp:heading -->\n\n<!-- wp:heading -->\n<h2 class=\"wp-block-heading\">Jahresr\u00fcckblick 2025 \u2013 Schie\u00dfgruppe Sudendorf <\/h2>\n<!-- \/wp:heading -->\n\n<!-- wp:paragraph -->\n<p>Das Jahr 2025 begann f\u00fcr unsere Schie\u00dfgruppe mit der Renovierung des Luftgewehrstandes \u2013 ein gro\u00dfer Schritt f\u00fcr die zuk\u00fcnftige Jugendarbeit. Beim Fr\u00fchschoppen im April wurde der neue Stand feierlich eingeweiht. <br>Vielen Dank an alle Helferinnen und Helfer!<\/p>\n<!-- \/wp:paragraph -->\n\n<!-- wp:paragraph -->\n<p><strong>Unsere Sch\u00fclerinnen und Sch\u00fcler waren sportlich erfolgreich:<\/strong><br>Felix Versmold gewann die Rundenwettk\u00e4mpfe mit 203,3 Ringen. Beim Solepokal in Bad Rothenfelde erreichte unsere Mannschaft den 2. Platz (398,3 Ringe). Auch beim Vereinspokal und Supercup-Schie\u00dfen konnten gute Platzierungen erzielt werden.<br>Bei der Jugendschie\u00dfsportwoche in M\u00fcschen belegten unter anderem Lina Gro\u00dfe Brockmann, Ole Inkrot und Moritz Versmold jeweils den 1. Platz \u2013 ein starkes Zeichen f\u00fcr unsere Jugendarbeit.<br>Ein H\u00f6hepunkt des Jahres war das Kreispokalschie\u00dfen, das wir erfolgreich in Sudendorf ausrichten durften. Christian K\u00fcnne kam unter die besten 6 von 115 Sch\u00fctzen; die Mannschaft belegte Rang 6 von 29. Stefan Koch gewann den Werner-W\u00f6lfe-Sportleiterpokal mit 98 Ringen \u2013 erstmals ging dieser Titel nach Sudendorf!<br>Beim Hampelmann-K\u00f6nig-Schie\u00dfen setzte sich Leonie Kaperschmidt durch und wurde neue Hampelmann-K\u00f6nigin.<\/p>\n<!-- \/wp:paragraph -->\n\n<!-- wp:paragraph -->\n<p>Auch auf Kreis- und Bezirksebene konnten beachtliche Ergebnisse erzielt werden:<br>Felix Versmold, Ole Inkrot und Sara K\u00fcnne erreichten Podestpl\u00e4tze bei den Bezirksmeisterschaften. Besonders beeindruckend war, dass in der Klasse Sch\u00fcler m\u00e4nnlich alle Medaillen nach Sudendorf gingen!<\/p>\n<!-- \/wp:paragraph -->\n\n<!-- wp:paragraph -->\n<p>Bei den Rundenwettk\u00e4mpfen, dem sportlichen Highlight des Jahres, k\u00e4mpfte sich unsere 1. Mannschaft (K\u00fcnne, Inkrot, Havermann, Koch) bis ins Finale, musste sich dort aber erneut Bad Rothenfelde geschlagen geben. In der Sch\u00fctzenklasse wurde Stefan Koch starker Zweiter.<\/p>\n<!-- \/wp:paragraph -->\n\n<!-- wp:paragraph -->\n<p>Ein besonderer Dank gilt Ewald Gro\u00dfe Kracht f\u00fcr seine engagierte Jugendarbeit sowie Theresia Merten f\u00fcr den Aufbau der Damengruppe.<\/p>\n<!-- \/wp:paragraph -->\n\n<!-- wp:paragraph -->\n<p>Beim Gruppenschie\u00dfen siegte schlie\u00dflich die Mannschaft um Ewald Gro\u00dfe Kracht \u2013 ein gelungener Abschluss eines erfolgreichen Jahres!<\/p>\n<!-- \/wp:paragraph -->\n\n<!-- wp:paragraph -->\n<p>Horrido \u2013 auf ein starkes Sch\u00fctzenjahr 2026!<\/p>\n<!-- \/wp:paragraph --><\/div><\/li>\n<li><div class=\"wp-block-latest-posts__featured-image aligncenter\"><img loading=\"lazy\" decoding=\"async\" width=\"1024\" height=\"222\" src=\"https:\/\/schuetzenverein-sudendorf-schierloh.de\/wp-content\/uploads\/2023\/01\/Schiessgruppe-1024x222.png\" class=\"attachment-large size-large wp-post-image\" alt=\"\" style=\"\" srcset=\"https:\/\/schuetzenverein-sudendorf-schierloh.de\/wp-content\/uploads\/2023\/01\/Schiessgruppe-1024x222.png 1024w, https:\/\/schuetzenverein-sudendorf-schierloh.de\/wp-content\/uploads\/2023\/01\/Schiessgruppe-300x65.png 300w, https:\/\/schuetzenverein-sudendorf-schierloh.de\/wp-content\/uploads\/2023\/01\/Schiessgruppe-768x167.png 768w, https:\/\/schuetzenverein-sudendorf-schierloh.de\/wp-content\/uploads\/2023\/01\/Schiessgruppe-604x131.png 604w, https:\/\/schuetzenverein-sudendorf-schierloh.de\/wp-content\/uploads\/2023\/01\/Schiessgruppe.png 1093w\" sizes=\"auto, (max-width: 1024px) 100vw, 1024px\" \/><\/div><a class=\"wp-block-latest-posts__post-title\" href=\"https:\/\/schuetzenverein-sudendorf-schierloh.de\/?p=1562\">Rundenwettk\u00e4mpfe der Altersklasse<\/a><time datetime=\"2025-12-31T20:57:00+01:00\" class=\"wp-block-latest-posts__post-date\">31. Dezember 2025<\/time><div class=\"wp-block-latest-posts__post-full-content\"><!-- wp:heading {\"fontSize\":\"large\"} -->\n<h2 class=\"wp-block-heading has-large-font-size\">Rundenwettk\u00e4mpfe der Altersklasse<\/h2>\n<!-- \/wp:heading -->\n\n<!-- wp:paragraph -->\n<p>Sportlicher H\u00f6hepunkt im Dezember waren die Rundenwettk\u00e4mpfe der Altersklasse. Unter den 36 Mannschaften belegte unser Verein mit St. Havermann, Chr. K\u00fcnne, St. Koch und F. Inkrot ein gro\u00dfartigen 2. Platz.<\/p>\n<!-- \/wp:paragraph -->\n\n<!-- wp:paragraph -->\n<p>Ebenfalls fantastische Leistungen brachten unsere Jungsch\u00fctzen. Bei den Kreismeisterschaften erreichten Felix Versmold und Simon Gro\u00dfe-Kracht jeweils dritte Pl\u00e4tze, Malte Laumann wurde gar Zweiter. Aktueller Kreismeister ist Ole Inkrot mit 202,6 Ringen.<br>Aber das reichte nicht, es ging weiter mit den Bezirksmeisterschaften:<\/p>\n<!-- \/wp:paragraph -->\n\n<!-- wp:table {\"align\":\"center\",\"className\":\"is-style-stripes\"} -->\n<figure class=\"wp-block-table aligncenter is-style-stripes\"><table class=\"has-fixed-layout\"><thead><tr><th>Jahrgang<\/th><th>Platz<\/th><th>Anzahl der Ringe<\/th><th>Name<\/th><\/tr><\/thead><tbody><tr><td>Jahrgang 2014<\/td><td>2. Platz <\/td><td>mit 281,0 Ringen <\/td><td>Fiete Herringhaus<\/td><\/tr><tr><td><\/td><td>1. Platz <\/td><td>mit 286,4 Ringen <\/td><td>Ole Inkrot<\/td><\/tr><tr><td>Jahrgang 2015<\/td><td>3. Platz <\/td><td>mit 287,2 Ringen <\/td><td>Sara K\u00fcnne<\/td><\/tr><tr><td><\/td><td>2. Platz <\/td><td>mit 305,7 Ringen <\/td><td>Felix Versmold<\/td><\/tr><\/tbody><\/table><\/figure>\n<!-- \/wp:table -->\n\n<!-- wp:paragraph -->\n<p>Wir freuen uns \u00fcber diese gro\u00dfartigen Ergebnisse und gratulieren zu diesen Leistungen.<\/p>\n<!-- \/wp:paragraph --><\/div><\/li>\n<li><div class=\"wp-block-latest-posts__featured-image aligncenter\"><img loading=\"lazy\" decoding=\"async\" width=\"1024\" height=\"222\" src=\"https:\/\/schuetzenverein-sudendorf-schierloh.de\/wp-content\/uploads\/2023\/01\/Schiessgruppe-1024x222.png\" class=\"attachment-large size-large wp-post-image\" alt=\"\" style=\"\" srcset=\"https:\/\/schuetzenverein-sudendorf-schierloh.de\/wp-content\/uploads\/2023\/01\/Schiessgruppe-1024x222.png 1024w, https:\/\/schuetzenverein-sudendorf-schierloh.de\/wp-content\/uploads\/2023\/01\/Schiessgruppe-300x65.png 300w, https:\/\/schuetzenverein-sudendorf-schierloh.de\/wp-content\/uploads\/2023\/01\/Schiessgruppe-768x167.png 768w, https:\/\/schuetzenverein-sudendorf-schierloh.de\/wp-content\/uploads\/2023\/01\/Schiessgruppe-604x131.png 604w, https:\/\/schuetzenverein-sudendorf-schierloh.de\/wp-content\/uploads\/2023\/01\/Schiessgruppe.png 1093w\" sizes=\"auto, (max-width: 1024px) 100vw, 1024px\" \/><\/div><a class=\"wp-block-latest-posts__post-title\" href=\"https:\/\/schuetzenverein-sudendorf-schierloh.de\/?p=1276\">Neuer Bezirksmeister kommt aus Glandorf\/Sudendorf<\/a><time datetime=\"2025-10-26T19:24:38+01:00\" class=\"wp-block-latest-posts__post-date\">26. Oktober 2025<\/time><div class=\"wp-block-latest-posts__post-full-content\"><!-- wp:heading {\"fontSize\":\"large\"} -->\n<h2 class=\"wp-block-heading has-large-font-size\">Neuer Bezirksmeister kommt aus Glandorf\/Sudendorf<\/h2>\n<!-- \/wp:heading -->\n\n<!-- wp:heading {\"fontSize\":\"medium\"} -->\n<h2 class=\"wp-block-heading has-medium-font-size\">Erfolgreiche Teilnahme an der Bezirksmeisterschaft<\/h2>\n<!-- \/wp:heading -->\n\n<!-- wp:paragraph -->\n<p><br>Der B\u00fcrgersch\u00fctzenverein Sudendorf-Schierloh konnte erfolgreich einige<br>Sch\u00fctzen in der Sch\u00fclerklasse f\u00fcr die Bezirksmeisterschaft stellen.<br>Zum Bezirk M\u00fcnsterland geh\u00f6rt der Kreis Ahaus, Kreis M\u00fcnster \u2013 Warendorf,<br>Kreis Coesfeld \u2013 Borken, Kreis Haltern \u2013 Dorsten, Kreis Steinfurt und unserem<br>Sch\u00fctzenkreis Teutoburger Wald. Wir stellen mit dem Sch\u00fctzenkreis<br>Teutoburger Wald den st\u00e4rksten Kreis im Bezirk M\u00fcnsterland. Und mit unseren<br>Kreispr\u00e4sidenten Heinz Ahring auch den stellvertretenden Bezirksvorsitzenden.<br>Mit unseren Sch\u00fctzen <strong>Felix Versmold<\/strong>, kommt der neue Bezirksmeister in der<br>Sch\u00fclerklasse vom Bezirk M\u00fcnsterland aus Glandorf\/Sudendorf. Felix ist ein<br>Nachwuchstalent mit au\u00dfergew\u00f6hnlichen Leistungen. In seiner Altersklasse ein<br>Ausnahmetalent. Felix ist erst seit zwei Jahren dabei und schie\u00dft wie ein Profi,<br>als h\u00e4tte er nie etwas anderes gemacht. Auf dem Bild sieht man, wie<br>punktgenau Felix die Sch\u00fcsse ins Ziel bringt.<\/p>\n<!-- \/wp:paragraph -->\n\n<!-- wp:image {\"id\":1277,\"sizeSlug\":\"full\",\"linkDestination\":\"media\"} -->\n<figure class=\"wp-block-image size-full\"><a href=\"https:\/\/schuetzenverein-sudendorf-schierloh.de\/wp-content\/uploads\/2025\/10\/Schussbild-Felix.jpg\"><img loading=\"lazy\" decoding=\"async\" width=\"373\" height=\"345\" src=\"https:\/\/schuetzenverein-sudendorf-schierloh.de\/wp-content\/uploads\/2025\/10\/Schussbild-Felix.jpg\" alt=\"\" class=\"wp-image-1277\" srcset=\"https:\/\/schuetzenverein-sudendorf-schierloh.de\/wp-content\/uploads\/2025\/10\/Schussbild-Felix.jpg 373w, https:\/\/schuetzenverein-sudendorf-schierloh.de\/wp-content\/uploads\/2025\/10\/Schussbild-Felix-300x277.jpg 300w, https:\/\/schuetzenverein-sudendorf-schierloh.de\/wp-content\/uploads\/2025\/10\/Schussbild-Felix-292x270.jpg 292w\" sizes=\"auto, (max-width: 373px) 100vw, 373px\" \/><\/a><figcaption class=\"wp-element-caption\"><em><sup>Ein wahnsinniges Schussbild. Von 30 Schuss, verl\u00e4sst kein einziger Schuss die Richtung in den \u00e4u\u00dferen Bereich.<\/sup><\/em><\/figcaption><\/figure>\n<!-- \/wp:image -->\n\n<!-- wp:paragraph -->\n<p>Geschossen wurde in der Disziplin Sch\u00fcler Luftgewehr Auflage. Auf eine 10<br>Meter Schie\u00dfbahn.<br>Auch Ole und Fiete sowie Sara konnten sich in der Bezirksliga qualifizieren.<br>Auf den 1. Platz und damit neuer Bezirksmeister Felix Versmold mit 305,7<br>Ring. Mit dieser Ringzahl ist er sogar der Beste aller Nachwuchsklassen.<br>Den 2. Platz sicherte sich Ole Inkrot mit 286,7 Ring<br>und den 3. Platz erreichte Fiete Heringhaus mit 281,0 Ring.<br>Sara K\u00fcnne feiert ihren 3. Platz in der Sch\u00fclerklasse I weiblich mit 287,2 Ring.<\/p>\n<!-- \/wp:paragraph -->\n\n<!-- wp:paragraph -->\n<p>Wir gratulieren Euch vier vom ganzen Herzen zu dieser tollen Leistung und<br>w\u00fcnschen Euch weiterhin viel Spa\u00df und Erfolg im Schie\u00dfsport.<\/p>\n<!-- \/wp:paragraph -->\n\n<!-- wp:image {\"id\":1278,\"sizeSlug\":\"large\",\"linkDestination\":\"media\"} -->\n<figure class=\"wp-block-image size-large\"><a href=\"https:\/\/schuetzenverein-sudendorf-schierloh.de\/wp-content\/uploads\/2025\/10\/erfolgreiche-Nachwuchsgruppe.jpg\"><img loading=\"lazy\" decoding=\"async\" width=\"1024\" height=\"768\" src=\"https:\/\/schuetzenverein-sudendorf-schierloh.de\/wp-content\/uploads\/2025\/10\/erfolgreiche-Nachwuchsgruppe-1024x768.jpg\" alt=\"\" class=\"wp-image-1278\" srcset=\"https:\/\/schuetzenverein-sudendorf-schierloh.de\/wp-content\/uploads\/2025\/10\/erfolgreiche-Nachwuchsgruppe-1024x768.jpg 1024w, https:\/\/schuetzenverein-sudendorf-schierloh.de\/wp-content\/uploads\/2025\/10\/erfolgreiche-Nachwuchsgruppe-300x225.jpg 300w, https:\/\/schuetzenverein-sudendorf-schierloh.de\/wp-content\/uploads\/2025\/10\/erfolgreiche-Nachwuchsgruppe-768x576.jpg 768w, https:\/\/schuetzenverein-sudendorf-schierloh.de\/wp-content\/uploads\/2025\/10\/erfolgreiche-Nachwuchsgruppe-360x270.jpg 360w, https:\/\/schuetzenverein-sudendorf-schierloh.de\/wp-content\/uploads\/2025\/10\/erfolgreiche-Nachwuchsgruppe.jpg 1386w\" sizes=\"auto, (max-width: 1024px) 100vw, 1024px\" \/><\/a><figcaption class=\"wp-element-caption\"><sup><em>Erfolgreiche Nachwuchsgruppe bei der Bezirksmeisterschaft<\/em><br><em>Von l. n. r.: Fiete Heringhaus, Felix Versmold, Ole Inkrot und Sara K\u00fcnne<\/em><\/sup><\/figcaption><\/figure>\n<!-- \/wp:image --><\/div><\/li>\n<li><div class=\"wp-block-latest-posts__featured-image aligncenter\"><img loading=\"lazy\" decoding=\"async\" width=\"1024\" height=\"222\" src=\"https:\/\/schuetzenverein-sudendorf-schierloh.de\/wp-content\/uploads\/2023\/01\/Schiessgruppe-1024x222.png\" class=\"attachment-large size-large wp-post-image\" alt=\"\" style=\"\" srcset=\"https:\/\/schuetzenverein-sudendorf-schierloh.de\/wp-content\/uploads\/2023\/01\/Schiessgruppe-1024x222.png 1024w, https:\/\/schuetzenverein-sudendorf-schierloh.de\/wp-content\/uploads\/2023\/01\/Schiessgruppe-300x65.png 300w, https:\/\/schuetzenverein-sudendorf-schierloh.de\/wp-content\/uploads\/2023\/01\/Schiessgruppe-768x167.png 768w, https:\/\/schuetzenverein-sudendorf-schierloh.de\/wp-content\/uploads\/2023\/01\/Schiessgruppe-604x131.png 604w, https:\/\/schuetzenverein-sudendorf-schierloh.de\/wp-content\/uploads\/2023\/01\/Schiessgruppe.png 1093w\" sizes=\"auto, (max-width: 1024px) 100vw, 1024px\" \/><\/div><a class=\"wp-block-latest-posts__post-title\" href=\"https:\/\/schuetzenverein-sudendorf-schierloh.de\/?p=1102\">Ferienpass-Aktion beim Sch\u00fctzenverein Sudendorf-Schierloh<\/a><time datetime=\"2025-07-07T17:37:14+02:00\" class=\"wp-block-latest-posts__post-date\">7. Juli 2025<\/time><div class=\"wp-block-latest-posts__post-full-content\"><!-- wp:heading {\"fontSize\":\"large\"} -->\n<h2 class=\"wp-block-heading has-large-font-size\">Ferienpass-Aktion beim Sch\u00fctzenverein Sudendorf-Schierloh<\/h2>\n<!-- \/wp:heading -->\n\n<!-- wp:heading -->\n<h2 class=\"wp-block-heading\">Spiel, Spa\u00df und spannende Wettk\u00e4mpfe<\/h2>\n<!-- \/wp:heading -->\n\n<!-- wp:paragraph -->\n<p>Am Samstag, den 5. Juli, war es endlich so weit: Die Ferien haben begonnen \u2013 und damit auch die beliebten Ferienpass-Aktionen! 19 gut gelaunte Kinder fanden sich am Sch\u00fctzenhaus in Sudendorf ein, um gemeinsam ein Paar abwechslungsreiche und unterhaltsame Stunden zu verbringen.<\/p>\n<!-- \/wp:paragraph -->\n\n<!-- wp:paragraph -->\n<p>Das Programm hatte einiges zu bieten: In verschiedenen Disziplinen konnten sich die Kinder messen \u2013 mal im Team, etwa beim Tischkicker, mal in spannenden Einzelwettk\u00e4mpfen wie beim Darten oder nat\u00fcrlich beim Schie\u00dfen. Zwischendurch sorgten Hot-Dogs und S\u00fc\u00dfigkeiten f\u00fcr die n\u00f6tige St\u00e4rkung.<\/p>\n<!-- \/wp:paragraph -->\n\n<!-- wp:gallery {\"linkTo\":\"none\"} -->\n<figure class=\"wp-block-gallery has-nested-images columns-default is-cropped\"><!-- wp:image {\"id\":1103,\"sizeSlug\":\"large\",\"linkDestination\":\"media\"} -->\n<figure class=\"wp-block-image size-large\"><a href=\"https:\/\/schuetzenverein-sudendorf-schierloh.de\/wp-content\/uploads\/2025\/07\/IMG_4495-scaled.jpeg\"><img loading=\"lazy\" decoding=\"async\" width=\"768\" height=\"1024\" src=\"https:\/\/schuetzenverein-sudendorf-schierloh.de\/wp-content\/uploads\/2025\/07\/IMG_4495-768x1024.jpeg\" alt=\"\" class=\"wp-image-1103\" srcset=\"https:\/\/schuetzenverein-sudendorf-schierloh.de\/wp-content\/uploads\/2025\/07\/IMG_4495-768x1024.jpeg 768w, https:\/\/schuetzenverein-sudendorf-schierloh.de\/wp-content\/uploads\/2025\/07\/IMG_4495-225x300.jpeg 225w, https:\/\/schuetzenverein-sudendorf-schierloh.de\/wp-content\/uploads\/2025\/07\/IMG_4495-1152x1536.jpeg 1152w, https:\/\/schuetzenverein-sudendorf-schierloh.de\/wp-content\/uploads\/2025\/07\/IMG_4495-1536x2048.jpeg 1536w, https:\/\/schuetzenverein-sudendorf-schierloh.de\/wp-content\/uploads\/2025\/07\/IMG_4495-203x270.jpeg 203w, https:\/\/schuetzenverein-sudendorf-schierloh.de\/wp-content\/uploads\/2025\/07\/IMG_4495-scaled.jpeg 1920w\" sizes=\"auto, (max-width: 768px) 100vw, 768px\" \/><\/a><\/figure>\n<!-- \/wp:image -->\n\n<!-- wp:image {\"id\":1104,\"sizeSlug\":\"large\",\"linkDestination\":\"media\"} -->\n<figure class=\"wp-block-image size-large\"><a href=\"https:\/\/schuetzenverein-sudendorf-schierloh.de\/wp-content\/uploads\/2025\/07\/IMG_4490-scaled.jpeg\"><img loading=\"lazy\" decoding=\"async\" width=\"768\" height=\"1024\" src=\"https:\/\/schuetzenverein-sudendorf-schierloh.de\/wp-content\/uploads\/2025\/07\/IMG_4490-768x1024.jpeg\" alt=\"\" class=\"wp-image-1104\" srcset=\"https:\/\/schuetzenverein-sudendorf-schierloh.de\/wp-content\/uploads\/2025\/07\/IMG_4490-768x1024.jpeg 768w, https:\/\/schuetzenverein-sudendorf-schierloh.de\/wp-content\/uploads\/2025\/07\/IMG_4490-225x300.jpeg 225w, https:\/\/schuetzenverein-sudendorf-schierloh.de\/wp-content\/uploads\/2025\/07\/IMG_4490-1152x1536.jpeg 1152w, https:\/\/schuetzenverein-sudendorf-schierloh.de\/wp-content\/uploads\/2025\/07\/IMG_4490-1536x2048.jpeg 1536w, https:\/\/schuetzenverein-sudendorf-schierloh.de\/wp-content\/uploads\/2025\/07\/IMG_4490-203x270.jpeg 203w, https:\/\/schuetzenverein-sudendorf-schierloh.de\/wp-content\/uploads\/2025\/07\/IMG_4490-scaled.jpeg 1920w\" sizes=\"auto, (max-width: 768px) 100vw, 768px\" \/><\/a><\/figure>\n<!-- \/wp:image --><\/figure>\n<!-- \/wp:gallery -->\n\n<!-- wp:paragraph -->\n<p>Am Ende des Tages standen dann auch die Sieger fest:<\/p>\n<!-- \/wp:paragraph -->\n\n<!-- wp:paragraph -->\n<p><img decoding=\"async\" alt=\"\ud83e\udd49\" src=\"https:\/\/fonts.gstatic.com\/s\/e\/notoemoji\/16.0\/1f949\/32.png\"> 3. Platz: Maximilian Nickel<\/p>\n<!-- \/wp:paragraph -->\n\n<!-- wp:paragraph -->\n<p><img decoding=\"async\" alt=\"\ud83e\udd48\" src=\"https:\/\/fonts.gstatic.com\/s\/e\/notoemoji\/16.0\/1f948\/32.png\"> 2. Platz: Thea Weber<\/p>\n<!-- \/wp:paragraph -->\n\n<!-- wp:paragraph -->\n<p><img decoding=\"async\" alt=\"\ud83e\udd47\" src=\"https:\/\/fonts.gstatic.com\/s\/e\/notoemoji\/16.0\/1f947\/32.png\"> 1. Platz und Turniersieger: Timo Poppe<\/p>\n<!-- \/wp:paragraph -->\n\n<!-- wp:paragraph -->\n<p>Doch nicht nur die Gewinner durften sich freuen \u2013 jedes Kind wurde f\u00fcr seine Leistung belohnt und durfte sich einen Preis aussuchen. Besonders begehrt waren dabei die Wasserpistolen, die kurzerhand zu einer spontanen Wasserschlacht im Sch\u00fctzenbusch f\u00fchrten \u2013 ein gelungener Abschluss eines rundum sch\u00f6nen Tages!<\/p>\n<!-- \/wp:paragraph -->\n\n<!-- wp:image {\"id\":1105,\"sizeSlug\":\"large\",\"linkDestination\":\"media\"} -->\n<figure class=\"wp-block-image size-large\"><a href=\"https:\/\/schuetzenverein-sudendorf-schierloh.de\/wp-content\/uploads\/2025\/07\/WhatsApp-Image-2025-07-05-at-12.33.33.jpeg\"><img loading=\"lazy\" decoding=\"async\" width=\"1024\" height=\"898\" src=\"https:\/\/schuetzenverein-sudendorf-schierloh.de\/wp-content\/uploads\/2025\/07\/WhatsApp-Image-2025-07-05-at-12.33.33-1024x898.jpeg\" alt=\"\" class=\"wp-image-1105\" srcset=\"https:\/\/schuetzenverein-sudendorf-schierloh.de\/wp-content\/uploads\/2025\/07\/WhatsApp-Image-2025-07-05-at-12.33.33-1024x898.jpeg 1024w, https:\/\/schuetzenverein-sudendorf-schierloh.de\/wp-content\/uploads\/2025\/07\/WhatsApp-Image-2025-07-05-at-12.33.33-300x263.jpeg 300w, https:\/\/schuetzenverein-sudendorf-schierloh.de\/wp-content\/uploads\/2025\/07\/WhatsApp-Image-2025-07-05-at-12.33.33-768x674.jpeg 768w, https:\/\/schuetzenverein-sudendorf-schierloh.de\/wp-content\/uploads\/2025\/07\/WhatsApp-Image-2025-07-05-at-12.33.33-1536x1347.jpeg 1536w, https:\/\/schuetzenverein-sudendorf-schierloh.de\/wp-content\/uploads\/2025\/07\/WhatsApp-Image-2025-07-05-at-12.33.33-308x270.jpeg 308w, https:\/\/schuetzenverein-sudendorf-schierloh.de\/wp-content\/uploads\/2025\/07\/WhatsApp-Image-2025-07-05-at-12.33.33.jpeg 2048w\" sizes=\"auto, (max-width: 1024px) 100vw, 1024px\" \/><\/a><\/figure>\n<!-- \/wp:image -->\n\n<!-- wp:paragraph -->\n<p>Ein herzliches Dankesch\u00f6n geht an das engagierte Orga-Team: Detlev Helmich-Weber, Ewald Gro\u00dfe-Kracht und Monika Weber, die diesen Tag mit viel Einsatz und guter Laune m\u00f6glich gemacht haben.<\/p>\n<!-- \/wp:paragraph -->\n\n<!-- wp:paragraph -->\n<p>Wir freuen uns schon jetzt auf die n\u00e4chste Ferienpass-Aktion!<\/p>\n<!-- \/wp:paragraph --><\/div><\/li>\n<li><a class=\"wp-block-latest-posts__post-title\" href=\"https:\/\/schuetzenverein-sudendorf-schierloh.de\/?p=1012\">Vereinsinternes Pokalschie\u00dfen des BSV Sudendorf-Schierloh<\/a><time datetime=\"2025-05-11T13:00:27+02:00\" class=\"wp-block-latest-posts__post-date\">11. Mai 2025<\/time><div class=\"wp-block-latest-posts__post-full-content\"><!-- wp:heading {\"fontSize\":\"large\"} -->\n<h2 class=\"wp-block-heading has-large-font-size\">Vereinsinternes Pokalschie\u00dfen des BSV Sudendorf-Schierloh<\/h2>\n<!-- \/wp:heading -->\n\n<!-- wp:paragraph -->\n<p>Am 06.April fand die \u00f6ffentliche Vorstellung unseres renovierten Luftgewehrstandes statt.<br>Zahlreiche Besucher konnten sich von der modernen Technik und der, im neuen Glanz erstrahlenden Halle, \u00fcberzeugen. Zeitgleich wurde das vereinsinterne Pokalschie\u00dfen durchgef\u00fchrt. Sportleiter Stefan Koch \u00fcbernahm die Siegerehrung. Der Verein gratuliert den erfolgreichen Sch\u00fctzen zu den hervorragenden Leistungen.<\/p>\n<!-- \/wp:paragraph -->\n\n<!-- wp:image {\"id\":1013,\"sizeSlug\":\"large\",\"linkDestination\":\"media\"} -->\n<figure class=\"wp-block-image size-large\"><a href=\"https:\/\/schuetzenverein-sudendorf-schierloh.de\/wp-content\/uploads\/2025\/05\/Siegerehrung-scaled.jpg\"><img loading=\"lazy\" decoding=\"async\" width=\"1024\" height=\"719\" src=\"https:\/\/schuetzenverein-sudendorf-schierloh.de\/wp-content\/uploads\/2025\/05\/Siegerehrung-1024x719.jpg\" alt=\"\" class=\"wp-image-1013\" srcset=\"https:\/\/schuetzenverein-sudendorf-schierloh.de\/wp-content\/uploads\/2025\/05\/Siegerehrung-1024x719.jpg 1024w, https:\/\/schuetzenverein-sudendorf-schierloh.de\/wp-content\/uploads\/2025\/05\/Siegerehrung-300x211.jpg 300w, https:\/\/schuetzenverein-sudendorf-schierloh.de\/wp-content\/uploads\/2025\/05\/Siegerehrung-768x540.jpg 768w, https:\/\/schuetzenverein-sudendorf-schierloh.de\/wp-content\/uploads\/2025\/05\/Siegerehrung-1536x1079.jpg 1536w, https:\/\/schuetzenverein-sudendorf-schierloh.de\/wp-content\/uploads\/2025\/05\/Siegerehrung-2048x1439.jpg 2048w, https:\/\/schuetzenverein-sudendorf-schierloh.de\/wp-content\/uploads\/2025\/05\/Siegerehrung-384x270.jpg 384w\" sizes=\"auto, (max-width: 1024px) 100vw, 1024px\" \/><\/a><\/figure>\n<!-- \/wp:image --><\/div><\/li>\n<li><div class=\"wp-block-latest-posts__featured-image aligncenter\"><img loading=\"lazy\" decoding=\"async\" width=\"1024\" height=\"222\" src=\"https:\/\/schuetzenverein-sudendorf-schierloh.de\/wp-content\/uploads\/2023\/01\/Schiessgruppe-1024x222.png\" class=\"attachment-large size-large wp-post-image\" alt=\"\" style=\"\" srcset=\"https:\/\/schuetzenverein-sudendorf-schierloh.de\/wp-content\/uploads\/2023\/01\/Schiessgruppe-1024x222.png 1024w, https:\/\/schuetzenverein-sudendorf-schierloh.de\/wp-content\/uploads\/2023\/01\/Schiessgruppe-300x65.png 300w, https:\/\/schuetzenverein-sudendorf-schierloh.de\/wp-content\/uploads\/2023\/01\/Schiessgruppe-768x167.png 768w, https:\/\/schuetzenverein-sudendorf-schierloh.de\/wp-content\/uploads\/2023\/01\/Schiessgruppe-604x131.png 604w, https:\/\/schuetzenverein-sudendorf-schierloh.de\/wp-content\/uploads\/2023\/01\/Schiessgruppe.png 1093w\" sizes=\"auto, (max-width: 1024px) 100vw, 1024px\" \/><\/div><a class=\"wp-block-latest-posts__post-title\" href=\"https:\/\/schuetzenverein-sudendorf-schierloh.de\/?p=766\">Generalversammlung der Schie\u00dfgruppe<\/a><time datetime=\"2025-02-01T19:00:15+01:00\" class=\"wp-block-latest-posts__post-date\">1. Februar 2025<\/time><div class=\"wp-block-latest-posts__post-full-content\"><!-- wp:post-date \/-->\n\n<!-- wp:paragraph -->\n<p>Die j\u00e4hrliche Generalversammlung fand am 1.Februar im Sch\u00fctzenhaus statt. Eingeladen waren alle aktiven Sch\u00fctzen, deren Eltern und alle Interessierten des Vereins.<\/p>\n<!-- \/wp:paragraph -->\n\n<!-- wp:paragraph -->\n<p>Stefan Koch er\u00f6ffnete die Versammlung vor einem vollen Haus und pr\u00e4sentierte sogleich die guten und sehr guten Leistungen unserer Sch\u00fctzen auf verschiedenen Turnieren und Meisterschaften. Er unterstrich, dass gerade die j\u00fcngeren Altersklassen bereits sehr gute Leistungen erbringen und gro\u00dfartige Fortschritte machen. Er bedauerte jedoch, dass die Ergebnisse der Kreismeisterschaften an dem Abend noch nicht vorlagen.<\/p>\n<!-- \/wp:paragraph -->\n\n<!-- wp:paragraph -->\n<p>Es folgte der Kassenbericht. Der Verein dankt in diesem Zusammenhang f\u00fcr die gro\u00dfz\u00fcgige Spende der Schie\u00dfgruppe. Das Geld wird f\u00fcr die Renovierung des Luftgewehrstandes eingesetzt.<\/p>\n<!-- \/wp:paragraph -->\n\n<!-- wp:paragraph -->\n<p>Bei den anschlie\u00dfenden Wahlen wurde Theresia Merten zur neuen Damensportleiterin gew\u00e4hlt. Alle anderen Aktiven wurden in ihren \u00c4mtern best\u00e4tigt.<\/p>\n<!-- \/wp:paragraph -->\n\n<!-- wp:paragraph -->\n<p>Am Ende der Versammlung standen die Siegerehrungen, bei der den Gewinnern der zahlreichen Klassen die Pokale und Wanderpokale sowie Ged\u00e4chtnispokale \u00fcbereicht wurden.<\/p>\n<!-- \/wp:paragraph -->\n\n<!-- wp:paragraph -->\n<p>Herzlichen Gl\u00fcckwunsch allen Sch\u00fctzen f\u00fcr die fantastischen Leistungen.<\/p>\n<!-- \/wp:paragraph --><\/div><\/li>\n<li><div class=\"wp-block-latest-posts__featured-image aligncenter\"><img loading=\"lazy\" decoding=\"async\" width=\"1024\" height=\"222\" src=\"https:\/\/schuetzenverein-sudendorf-schierloh.de\/wp-content\/uploads\/2023\/01\/Schiessgruppe-1024x222.png\" class=\"attachment-large size-large wp-post-image\" alt=\"\" style=\"\" srcset=\"https:\/\/schuetzenverein-sudendorf-schierloh.de\/wp-content\/uploads\/2023\/01\/Schiessgruppe-1024x222.png 1024w, https:\/\/schuetzenverein-sudendorf-schierloh.de\/wp-content\/uploads\/2023\/01\/Schiessgruppe-300x65.png 300w, https:\/\/schuetzenverein-sudendorf-schierloh.de\/wp-content\/uploads\/2023\/01\/Schiessgruppe-768x167.png 768w, https:\/\/schuetzenverein-sudendorf-schierloh.de\/wp-content\/uploads\/2023\/01\/Schiessgruppe-604x131.png 604w, https:\/\/schuetzenverein-sudendorf-schierloh.de\/wp-content\/uploads\/2023\/01\/Schiessgruppe.png 1093w\" sizes=\"auto, (max-width: 1024px) 100vw, 1024px\" \/><\/div><a class=\"wp-block-latest-posts__post-title\" href=\"https:\/\/schuetzenverein-sudendorf-schierloh.de\/?p=514\">31. Jugendschie\u00dfsportwoche in M\u00fcschen<\/a><time datetime=\"2023-05-26T11:15:25+02:00\" class=\"wp-block-latest-posts__post-date\">26. Mai 2023<\/time><div class=\"wp-block-latest-posts__post-full-content\"><!-- wp:paragraph -->\n<p>Nach einer durch die Pandemie bedingten dreij\u00e4hrigen Pause, hatte der BSV M\u00fcschen f\u00fcr die letzte April und erste Maiwoche zu einem Jugenpokalschie\u00dfen eingeladen. Zu dieser Schie\u00dfsportwoche waren die Sch\u00fcler-, Jugend- und Juniorenmannschaften eingeladen. Sie konnten sich im Lichpunktschie\u00dfen und mit der Luftpistole messen.<\/p>\n<!-- \/wp:paragraph -->\n\n<!-- wp:paragraph -->\n<p>Insgesamt nahmen 212 Kinder und Jugendliche an dem Wettkampf teil, wobei unser Verein 17 Sch\u00fctzen stellen konnte und fantastische Ergebnisse erreichte.<\/p>\n<!-- \/wp:paragraph -->\n\n<!-- wp:paragraph -->\n<p><strong>Lichtpunkt M\u00e4dchen:<\/strong><\/p>\n<!-- \/wp:paragraph -->\n\n<!-- wp:paragraph -->\n<p>Lina Gro\u00dfe-Brockmann\u00a0\u00a0\u00a0\u00a0\u00a0\u00a0\u00a0\u00a0\u00a0 1. Platz\u00a0\u00a0\u00a0\u00a0\u00a0 207,9 Ringe<\/p>\n<!-- \/wp:paragraph -->\n\n<!-- wp:paragraph -->\n<p>Regina Toppheide\u00a0\u00a0\u00a0\u00a0\u00a0\u00a0\u00a0\u00a0\u00a0\u00a0\u00a0\u00a0\u00a0\u00a0\u00a0\u00a0\u00a0 2. Platz\u00a0\u00a0\u00a0\u00a0\u00a0 204,7 Ringe<\/p>\n<!-- \/wp:paragraph -->\n\n<!-- wp:paragraph -->\n<p>Johanna Kaperschmidt\u00a0\u00a0\u00a0\u00a0\u00a0\u00a0\u00a0\u00a0\u00a0 3. Platz\u00a0\u00a0\u00a0\u00a0\u00a0 197,4 Ringe<\/p>\n<!-- \/wp:paragraph -->\n\n<!-- wp:paragraph -->\n<p><strong>Lichtpunkt Jungen<\/strong><\/p>\n<!-- \/wp:paragraph -->\n\n<!-- wp:paragraph -->\n<p>Augustin Krause\u00a0\u00a0\u00a0\u00a0\u00a0\u00a0\u00a0\u00a0\u00a0\u00a0\u00a0\u00a0\u00a0\u00a0\u00a0\u00a0\u00a0\u00a0\u00a0 1. Platz\u00a0\u00a0\u00a0\u00a0\u00a0 204,7 Ringe<\/p>\n<!-- \/wp:paragraph -->\n\n<!-- wp:paragraph -->\n<p>Fiete Heringhaus\u00a0\u00a0\u00a0\u00a0\u00a0\u00a0\u00a0\u00a0\u00a0\u00a0\u00a0\u00a0\u00a0\u00a0\u00a0\u00a0\u00a0\u00a0 2. Platz \u00a0\u00a0\u00a0\u00a0 196,0 Ringe<\/p>\n<!-- \/wp:paragraph -->\n\n<!-- wp:paragraph -->\n<p><strong>Sch\u00fcler<\/strong><\/p>\n<!-- \/wp:paragraph -->\n\n<!-- wp:paragraph -->\n<p>Maria Toppheide\u00a0\u00a0\u00a0\u00a0\u00a0\u00a0\u00a0\u00a0\u00a0\u00a0\u00a0\u00a0\u00a0\u00a0\u00a0\u00a0\u00a0\u00a0\u00a0 3. Platz\u00a0\u00a0\u00a0\u00a0\u00a0 183 Ringe<\/p>\n<!-- \/wp:paragraph -->\n\n<!-- wp:paragraph -->\n<p><strong>Jugend m\u00e4nnlich<\/strong><\/p>\n<!-- \/wp:paragraph -->\n\n<!-- wp:paragraph -->\n<p>Lars Sch\u00fctze\u00a0\u00a0\u00a0\u00a0\u00a0\u00a0\u00a0\u00a0\u00a0\u00a0\u00a0\u00a0\u00a0\u00a0\u00a0\u00a0\u00a0\u00a0\u00a0\u00a0\u00a0\u00a0\u00a0\u00a0\u00a0 2. Platz\u00a0\u00a0\u00a0\u00a0\u00a0 190 Ringe<\/p>\n<!-- \/wp:paragraph -->\n\n<!-- wp:paragraph -->\n<p>Johann Toppheide\u00a0\u00a0\u00a0\u00a0\u00a0\u00a0\u00a0\u00a0\u00a0\u00a0\u00a0\u00a0\u00a0\u00a0\u00a0\u00a0 3. Platz\u00a0\u00a0\u00a0\u00a0\u00a0 188 Ringe<\/p>\n<!-- \/wp:paragraph -->\n\n<!-- wp:image {\"id\":517,\"sizeSlug\":\"large\",\"linkDestination\":\"none\",\"className\":\"is-style-default\"} -->\n<figure class=\"wp-block-image size-large is-style-default\"><img loading=\"lazy\" decoding=\"async\" width=\"1024\" height=\"768\" src=\"https:\/\/schuetzenverein-sudendorf-schierloh.de\/wp-content\/uploads\/2023\/05\/SUSCHI-06-2023-1-Jugendschiesssportwoche-Mueschen-1-1024x768.jpg\" alt=\"\" class=\"wp-image-517\" srcset=\"https:\/\/schuetzenverein-sudendorf-schierloh.de\/wp-content\/uploads\/2023\/05\/SUSCHI-06-2023-1-Jugendschiesssportwoche-Mueschen-1-1024x768.jpg 1024w, https:\/\/schuetzenverein-sudendorf-schierloh.de\/wp-content\/uploads\/2023\/05\/SUSCHI-06-2023-1-Jugendschiesssportwoche-Mueschen-1-300x225.jpg 300w, https:\/\/schuetzenverein-sudendorf-schierloh.de\/wp-content\/uploads\/2023\/05\/SUSCHI-06-2023-1-Jugendschiesssportwoche-Mueschen-1-768x576.jpg 768w, https:\/\/schuetzenverein-sudendorf-schierloh.de\/wp-content\/uploads\/2023\/05\/SUSCHI-06-2023-1-Jugendschiesssportwoche-Mueschen-1-1536x1152.jpg 1536w, https:\/\/schuetzenverein-sudendorf-schierloh.de\/wp-content\/uploads\/2023\/05\/SUSCHI-06-2023-1-Jugendschiesssportwoche-Mueschen-1-2048x1536.jpg 2048w, https:\/\/schuetzenverein-sudendorf-schierloh.de\/wp-content\/uploads\/2023\/05\/SUSCHI-06-2023-1-Jugendschiesssportwoche-Mueschen-1-360x270.jpg 360w\" sizes=\"auto, (max-width: 1024px) 100vw, 1024px\" \/><\/figure>\n<!-- \/wp:image --><\/div><\/li>\n<li><div class=\"wp-block-latest-posts__featured-image aligncenter\"><img loading=\"lazy\" decoding=\"async\" width=\"1024\" height=\"222\" src=\"https:\/\/schuetzenverein-sudendorf-schierloh.de\/wp-content\/uploads\/2023\/01\/Schiessgruppe-1024x222.png\" class=\"attachment-large size-large wp-post-image\" alt=\"\" style=\"\" srcset=\"https:\/\/schuetzenverein-sudendorf-schierloh.de\/wp-content\/uploads\/2023\/01\/Schiessgruppe-1024x222.png 1024w, https:\/\/schuetzenverein-sudendorf-schierloh.de\/wp-content\/uploads\/2023\/01\/Schiessgruppe-300x65.png 300w, https:\/\/schuetzenverein-sudendorf-schierloh.de\/wp-content\/uploads\/2023\/01\/Schiessgruppe-768x167.png 768w, https:\/\/schuetzenverein-sudendorf-schierloh.de\/wp-content\/uploads\/2023\/01\/Schiessgruppe-604x131.png 604w, https:\/\/schuetzenverein-sudendorf-schierloh.de\/wp-content\/uploads\/2023\/01\/Schiessgruppe.png 1093w\" sizes=\"auto, (max-width: 1024px) 100vw, 1024px\" \/><\/div><a class=\"wp-block-latest-posts__post-title\" href=\"https:\/\/schuetzenverein-sudendorf-schierloh.de\/?p=427\">Generalversammlung der Schie\u00dfgruppe: Das Wichtigste vom 21.01.2023<\/a><time datetime=\"2023-03-15T18:34:20+01:00\" class=\"wp-block-latest-posts__post-date\">15. M\u00e4rz 2023<\/time><div class=\"wp-block-latest-posts__post-full-content\"><!-- wp:paragraph -->\n<p><strong>Wahlen<\/strong><\/p>\n<!-- \/wp:paragraph -->\n\n<!-- wp:paragraph -->\n<p>Nach 20 Jahren als Getr\u00e4nkewart gibt Christian H\u00e4lker seine Aufgaben in neue H\u00e4nde. Simon Schr\u00e4der \u00fcbernimmt nun. Au\u00dferdem wurden gew\u00e4hlt: Sportleiter Stefan Koch, 2. Sportleiterin und Damensportleiterin Steffi Gro\u00dfe Brockmann, Jugendsportleiter Ewald Gro\u00dfe Kracht, Kassenwart Maik Ellerbrock, Schriftf\u00fchrer Nico Lammertmann, 2. Getr\u00e4nkewart Christian H\u00e4lker sowie Kassenpr\u00fcfer Bernd Finkner und Rainer Buller.<\/p>\n<!-- \/wp:paragraph -->\n\n<!-- wp:paragraph -->\n<p>Weitere Ergebnisse aus dem Schie\u00dfsport:<\/p>\n<!-- \/wp:paragraph -->\n\n<!-- wp:paragraph -->\n<p><em>Jahreswertung im Verein<\/em><\/p>\n<!-- \/wp:paragraph -->\n\n<!-- wp:paragraph -->\n<p>Sch\u00fcler: 1. Platz: Sara K\u00fcnne (859), 2. Platz: Lina Gr. Brockmann (828), 3. Platz: Julian Herbermann (815)<\/p>\n<!-- \/wp:paragraph -->\n\n<!-- wp:paragraph -->\n<p>Jugend: 1. Platz: Johann Toppheide (962), 2. Platz: Lars Sch\u00fctze (888)<\/p>\n<!-- \/wp:paragraph -->\n\n<!-- wp:paragraph -->\n<p>Vor Weihnachten wurden die Wanderpokale und Ehrenscheiben ausgeschossen:<\/p>\n<!-- \/wp:paragraph -->\n\n<!-- wp:paragraph -->\n<p>Wanderpokal Sch\u00fcler: 1. Platz: Sara K\u00fcnne (85), 2. Platz: Lina Gr. Brockmann (84), 3. Platz: Maria Toppheide (84)<\/p>\n<!-- \/wp:paragraph -->\n\n<!-- wp:paragraph -->\n<p>Wanderpokal Sch\u00fctzen: 1. Platz: Frank Inkrot (52,2), 2. Platz: Ewald Gr. Kracht (50,5), 3. Platz: Stefan Havermann (50,2)<\/p>\n<!-- \/wp:paragraph -->\n\n<!-- wp:paragraph -->\n<p>Ehrenscheiben: Sch\u00fcler\/Jugend: Justus Lefken &amp; Erwachsene: Frank Inkrot<\/p>\n<!-- \/wp:paragraph -->\n\n<!-- wp:image {\"id\":428,\"sizeSlug\":\"large\",\"linkDestination\":\"none\"} -->\n<figure class=\"wp-block-image size-large\"><img loading=\"lazy\" decoding=\"async\" width=\"1024\" height=\"768\" src=\"https:\/\/schuetzenverein-sudendorf-schierloh.de\/wp-content\/uploads\/2023\/03\/Foto-Pokale-GV-Schiessgruppe-21.01.2023-1024x768.jpg\" alt=\"\" class=\"wp-image-428\" srcset=\"https:\/\/schuetzenverein-sudendorf-schierloh.de\/wp-content\/uploads\/2023\/03\/Foto-Pokale-GV-Schiessgruppe-21.01.2023-1024x768.jpg 1024w, https:\/\/schuetzenverein-sudendorf-schierloh.de\/wp-content\/uploads\/2023\/03\/Foto-Pokale-GV-Schiessgruppe-21.01.2023-300x225.jpg 300w, https:\/\/schuetzenverein-sudendorf-schierloh.de\/wp-content\/uploads\/2023\/03\/Foto-Pokale-GV-Schiessgruppe-21.01.2023-768x576.jpg 768w, https:\/\/schuetzenverein-sudendorf-schierloh.de\/wp-content\/uploads\/2023\/03\/Foto-Pokale-GV-Schiessgruppe-21.01.2023-1536x1152.jpg 1536w, https:\/\/schuetzenverein-sudendorf-schierloh.de\/wp-content\/uploads\/2023\/03\/Foto-Pokale-GV-Schiessgruppe-21.01.2023-360x270.jpg 360w, https:\/\/schuetzenverein-sudendorf-schierloh.de\/wp-content\/uploads\/2023\/03\/Foto-Pokale-GV-Schiessgruppe-21.01.2023.jpg 1707w\" sizes=\"auto, (max-width: 1024px) 100vw, 1024px\" \/><\/figure>\n<!-- \/wp:image -->\n\n<!-- wp:paragraph -->\n<p><strong>Verschiedenes<\/strong><\/p>\n<!-- \/wp:paragraph -->\n\n<!-- wp:paragraph -->\n<p>Aufgrund der guten schie\u00dfsportlichen Ergebnisse schafft die Schie\u00dfgruppe ein neues Luftgewehr (Wettkampfgewehr) an, um auch weiterhin in den schie\u00dfsportlichen Auseinandersetzungen mit den anderen Vereinen im Sch\u00fctzenkreis erfolgreich zu sein.<\/p>\n<!-- \/wp:paragraph --><\/div><\/li>\n<li><div class=\"wp-block-latest-posts__featured-image aligncenter\"><img loading=\"lazy\" decoding=\"async\" width=\"1024\" height=\"222\" src=\"https:\/\/schuetzenverein-sudendorf-schierloh.de\/wp-content\/uploads\/2023\/01\/Schiessgruppe-1024x222.png\" class=\"attachment-large size-large wp-post-image\" alt=\"\" style=\"\" srcset=\"https:\/\/schuetzenverein-sudendorf-schierloh.de\/wp-content\/uploads\/2023\/01\/Schiessgruppe-1024x222.png 1024w, https:\/\/schuetzenverein-sudendorf-schierloh.de\/wp-content\/uploads\/2023\/01\/Schiessgruppe-300x65.png 300w, https:\/\/schuetzenverein-sudendorf-schierloh.de\/wp-content\/uploads\/2023\/01\/Schiessgruppe-768x167.png 768w, https:\/\/schuetzenverein-sudendorf-schierloh.de\/wp-content\/uploads\/2023\/01\/Schiessgruppe-604x131.png 604w, https:\/\/schuetzenverein-sudendorf-schierloh.de\/wp-content\/uploads\/2023\/01\/Schiessgruppe.png 1093w\" sizes=\"auto, (max-width: 1024px) 100vw, 1024px\" \/><\/div><a class=\"wp-block-latest-posts__post-title\" href=\"https:\/\/schuetzenverein-sudendorf-schierloh.de\/?p=379\">Das schie\u00dfsportliche Jahr 2022<\/a><time datetime=\"2023-01-24T13:50:32+01:00\" class=\"wp-block-latest-posts__post-date\">24. Januar 2023<\/time><div class=\"wp-block-latest-posts__post-full-content\"><!-- wp:paragraph -->\n<p>Im Jahr 2022 hatte der BSV Sudendorf-Schierloh wieder einige schie\u00dfsportliche Erfolge zu verzeichnen.<\/p>\n<!-- \/wp:paragraph -->\n\n<!-- wp:paragraph -->\n<p>Bei den Kreismeisterschaften Ende November 2022 in Erpen-Timmern waren in der Disziplin Luftgewehr erfolgreich:<\/p>\n<!-- \/wp:paragraph -->\n\n<!-- wp:list -->\n<ul><!-- wp:list-item -->\n<li>Johann Toppheide, LG Auflage, Jugendklasse, 201,1 Ringe, 1. Platz<\/li>\n<!-- \/wp:list-item -->\n\n<!-- wp:list-item -->\n<li>Stefan Havermann. Herrenklasse, 316,3 1. Platz<\/li>\n<!-- \/wp:list-item -->\n\n<!-- wp:list-item -->\n<li>Ewald Gro\u00dfe Kracht, Seniorenklasse I, 312,7 Ringe, 2. Platz<\/li>\n<!-- \/wp:list-item -->\n\n<!-- wp:list-item -->\n<li>Frank Inkrot, Herrenklasse, 310,7 Ringe, 3. Platz<\/li>\n<!-- \/wp:list-item --><\/ul>\n<!-- \/wp:list -->\n\n<!-- wp:paragraph -->\n<p>Und in der Mannschaftswertung: Damen-\/Herrenklasse, Christian K\u00fcnne, Frank Inkrot, Stefan Havermann, 936,7 Ring, 1. Platz<\/p>\n<!-- \/wp:paragraph -->\n\n<!-- wp:paragraph -->\n<p>Bei den Kreismeisterschaften Mitte Oktober in Bad Rothenfelde (Fuchskuhle) waren in der Disziplin Kleinkaliber erfolgreich:<\/p>\n<!-- \/wp:paragraph -->\n\n<!-- wp:list -->\n<ul><!-- wp:list-item -->\n<li>Stefan Koch, Sch\u00fctzenklasse 50 m mit 300,5 Ringe; 2. Platz<\/li>\n<!-- \/wp:list-item -->\n\n<!-- wp:list-item -->\n<li>Stefan Havermann, Herrenklasse 50m, 298 Ringe, 3. Platz und Herrenklasse 100 m, 298 Ringe, 1. Platz<\/li>\n<!-- \/wp:list-item -->\n\n<!-- wp:list-item -->\n<li>Ewald Gro\u00dfe Kracht Seniorenklasse I 100 m, 291 Ring, 3. Platz<\/li>\n<!-- \/wp:list-item --><\/ul>\n<!-- \/wp:list -->\n\n<!-- wp:paragraph -->\n<p>Rundenwettk\u00e4mpfe Mannschaftswertung Luftgewehr<br>Stefan Koch, Frank Inkrot, Stefan Havermann, Christian K\u00fcnne, 306,0 Ringe, 4. Platz<\/p>\n<!-- \/wp:paragraph -->\n\n<!-- wp:image {\"id\":380,\"sizeSlug\":\"large\",\"linkDestination\":\"none\"} -->\n<figure class=\"wp-block-image size-large\"><img loading=\"lazy\" decoding=\"async\" width=\"1024\" height=\"769\" src=\"https:\/\/schuetzenverein-sudendorf-schierloh.de\/wp-content\/uploads\/2023\/01\/1673547279589-1024x769.jpg\" alt=\"\" class=\"wp-image-380\" srcset=\"https:\/\/schuetzenverein-sudendorf-schierloh.de\/wp-content\/uploads\/2023\/01\/1673547279589-1024x769.jpg 1024w, https:\/\/schuetzenverein-sudendorf-schierloh.de\/wp-content\/uploads\/2023\/01\/1673547279589-300x225.jpg 300w, https:\/\/schuetzenverein-sudendorf-schierloh.de\/wp-content\/uploads\/2023\/01\/1673547279589-768x577.jpg 768w, https:\/\/schuetzenverein-sudendorf-schierloh.de\/wp-content\/uploads\/2023\/01\/1673547279589-1536x1153.jpg 1536w, https:\/\/schuetzenverein-sudendorf-schierloh.de\/wp-content\/uploads\/2023\/01\/1673547279589-2048x1538.jpg 2048w, https:\/\/schuetzenverein-sudendorf-schierloh.de\/wp-content\/uploads\/2023\/01\/1673547279589-360x270.jpg 360w\" sizes=\"auto, (max-width: 1024px) 100vw, 1024px\" \/><figcaption class=\"wp-element-caption\">Foto: Johannes Recker<\/figcaption><\/figure>\n<!-- \/wp:image --><\/div><\/li>\n<li><div class=\"wp-block-latest-posts__featured-image aligncenter\"><img loading=\"lazy\" decoding=\"async\" width=\"1024\" height=\"222\" src=\"https:\/\/schuetzenverein-sudendorf-schierloh.de\/wp-content\/uploads\/2023\/01\/Schiessgruppe-1024x222.png\" class=\"attachment-large size-large wp-post-image\" alt=\"\" style=\"\" srcset=\"https:\/\/schuetzenverein-sudendorf-schierloh.de\/wp-content\/uploads\/2023\/01\/Schiessgruppe-1024x222.png 1024w, https:\/\/schuetzenverein-sudendorf-schierloh.de\/wp-content\/uploads\/2023\/01\/Schiessgruppe-300x65.png 300w, https:\/\/schuetzenverein-sudendorf-schierloh.de\/wp-content\/uploads\/2023\/01\/Schiessgruppe-768x167.png 768w, https:\/\/schuetzenverein-sudendorf-schierloh.de\/wp-content\/uploads\/2023\/01\/Schiessgruppe-604x131.png 604w, https:\/\/schuetzenverein-sudendorf-schierloh.de\/wp-content\/uploads\/2023\/01\/Schiessgruppe.png 1093w\" sizes=\"auto, (max-width: 1024px) 100vw, 1024px\" \/><\/div><a class=\"wp-block-latest-posts__post-title\" href=\"https:\/\/schuetzenverein-sudendorf-schierloh.de\/?p=405\">Der Name ist Programm &#8211; Hampelmannschie\u00dfen 2022<\/a><time datetime=\"2022-09-01T14:34:44+02:00\" class=\"wp-block-latest-posts__post-date\">1. September 2022<\/time><div class=\"wp-block-latest-posts__post-full-content\"><!-- wp:paragraph -->\n<p><br>Am 13. August 2022 traf sich die Schie\u00dfgruppe des B\u00fcrgersch\u00fctzenvereins Sudendorf-Schierloh bei bestem Sommerwetter, um auf den h\u00f6lzernen Hampelmann zu schie\u00dfen. Die jungen Sch\u00fctzinnen und Sch\u00fctzen waren begeistert bei der Sache. Nach einer kurzen Verschnaufpause, in der es leckere Grillspezialit\u00e4ten zur St\u00e4rkung gab, fiel das bunte M\u00e4nnchen aus dem Schie\u00dfstand. Erfolgreiche Pf\u00e4ndersch\u00fctzen waren: Justus Lefken (linker Arm) und Lars Sch\u00fctze (rechter Arm, M\u00fctze, \u201eRumpf\u201c), der seit diesem Abend der neue Hampelmannk\u00f6nig des Vereins ist. Herzlichen Gl\u00fcckwunsch, Lars!<br><\/p>\n<!-- \/wp:paragraph -->\n\n<!-- wp:image {\"id\":406,\"sizeSlug\":\"large\",\"linkDestination\":\"none\"} -->\n<figure class=\"wp-block-image size-large\"><img loading=\"lazy\" decoding=\"async\" width=\"1024\" height=\"498\" src=\"https:\/\/schuetzenverein-sudendorf-schierloh.de\/wp-content\/uploads\/2023\/01\/20220813_202054-1024x498.jpg\" alt=\"\" class=\"wp-image-406\" srcset=\"https:\/\/schuetzenverein-sudendorf-schierloh.de\/wp-content\/uploads\/2023\/01\/20220813_202054-1024x498.jpg 1024w, https:\/\/schuetzenverein-sudendorf-schierloh.de\/wp-content\/uploads\/2023\/01\/20220813_202054-300x146.jpg 300w, https:\/\/schuetzenverein-sudendorf-schierloh.de\/wp-content\/uploads\/2023\/01\/20220813_202054-768x373.jpg 768w, https:\/\/schuetzenverein-sudendorf-schierloh.de\/wp-content\/uploads\/2023\/01\/20220813_202054-1536x746.jpg 1536w, https:\/\/schuetzenverein-sudendorf-schierloh.de\/wp-content\/uploads\/2023\/01\/20220813_202054-2048x995.jpg 2048w, https:\/\/schuetzenverein-sudendorf-schierloh.de\/wp-content\/uploads\/2023\/01\/20220813_202054-556x270.jpg 556w\" sizes=\"auto, (max-width: 1024px) 100vw, 1024px\" \/><\/figure>\n<!-- \/wp:image -->\n\n<!-- wp:paragraph -->\n<p>Herzliche Einladung: Jeden Donnerstag um 18:00 Uhr findet das \u00dcbungs- und Gruppenschie\u00dfen im Sch\u00fctzenhaus in Sudendorf statt. Interessierte Kinder und Jugendliche sind herzlich willkommen, sich auszuprobieren und in die Disziplin des Schie\u00dfsportes hineinzuschnuppern. Kinder ab 6 Jahren d\u00fcrfen mit dem Lichtpunktgewehr schie\u00dfen, ab 12 Jahren mit dem Luftgewehr. Neben dem j\u00e4hrlichen Hampelmannschie\u00dfen k\u00f6nnen die Kinder auch im Fr\u00fchjahr an der Vereinsmeisterschaft teilnehmen.<\/p>\n<!-- \/wp:paragraph -->\n\n<!-- wp:paragraph -->\n<p><\/p>\n<!-- \/wp:paragraph --><\/div><\/li>\n<li><a class=\"wp-block-latest-posts__post-title\" href=\"https:\/\/schuetzenverein-sudendorf-schierloh.de\/?p=226\">Titelk\u00e4mpfe \u2013 Schlag auf Schlag<\/a><time datetime=\"2019-08-10T21:02:06+02:00\" class=\"wp-block-latest-posts__post-date\">10. August 2019<\/time><div class=\"wp-block-latest-posts__post-full-content\"><!-- wp:paragraph -->\n<p> Das gab es im Sch\u00fctzenverein Sudendorf-Schierloh bisher noch nie. Alle Titelwettk\u00e4mpfe wurden innerhalb von zwei Wochen ausgeschossen! <br>Die Serie begann mit dem <strong>Bierk\u00f6nigschie\u00dfen<\/strong> am letzten Samstag im Juli. Bei Freibier und leckeren Steaks und W\u00fcrstchen vom Grill wurde auch noch die Endrunde vom Preisschie\u00dfen ausgetragen. Die erfolgreichen Sch\u00fctzen waren Vinzenz Puke, Rudolf Ziegert, Frank Inkrot, Stephan Gro\u00dfe Brockmann und Ewald Gro\u00dfe Kracht. In dem spannenden schie\u00dfsportlichen Wettkampf um das h\u00f6lzerne Bierfass wurden zun\u00e4chst \u00fcber zwanzig h\u00f6lzerne Biergl\u00e4ser als Pf\u00e4nder geschossen. An dieser Aufgabe ist mancher Sch\u00fctzenbruder fast verzweifelt&#8230;<br> Den finalen Schutz auf das Holzfass konnte letztlich Mathias Korte abfeuern. Er tr\u00e4gt nun ein Jahr lang den begehrten Titel des Bierk\u00f6nigs.<\/p>\n<!-- \/wp:paragraph -->\n\n<!-- wp:image {\"id\":227} -->\n<figure class=\"wp-block-image\"><img loading=\"lazy\" decoding=\"async\" width=\"1024\" height=\"768\" src=\"https:\/\/schuetzenverein-sudendorf-schierloh.de\/wp-content\/uploads\/2020\/01\/IMG_1447-1024x768.jpg\" alt=\"\" class=\"wp-image-227\" srcset=\"https:\/\/schuetzenverein-sudendorf-schierloh.de\/wp-content\/uploads\/2020\/01\/IMG_1447-1024x768.jpg 1024w, https:\/\/schuetzenverein-sudendorf-schierloh.de\/wp-content\/uploads\/2020\/01\/IMG_1447-300x225.jpg 300w, https:\/\/schuetzenverein-sudendorf-schierloh.de\/wp-content\/uploads\/2020\/01\/IMG_1447-768x576.jpg 768w, https:\/\/schuetzenverein-sudendorf-schierloh.de\/wp-content\/uploads\/2020\/01\/IMG_1447-360x270.jpg 360w\" sizes=\"auto, (max-width: 1024px) 100vw, 1024px\" \/><\/figure>\n<!-- \/wp:image -->\n\n<!-- wp:paragraph -->\n<p>Weiter ging die schie\u00dfsportliche Reihe mit dem <strong>Schnapsdrosselschie\u00dfen<\/strong> der Sch\u00fctzenm\u00e4dels. Am Freitag, 9. August trafen sie sich am Sch\u00fctzenhaus in Sudendorf, um die schwarz bemalte Holzdrossel zu erlegen. Nachdem die Pf\u00e4nder der Reihe nach fielen, legten die M\u00e4dels eine kurze Pause ein, um es sich am \u00fcppigen Buffet schmecken zu lassen. Die weiteren Schie\u00dfrunden blieben spannend und die M\u00e4dels des amtierenden Throns um K\u00f6nigin Theresia lie\u00dfen es sich nicht nehmen, an der Lafette zu stehen und mit zu schie\u00dfen. Nach einer Zitterpartie konnte sich Sch\u00fctzenm\u00e4del Heike gegen ihre Mitstreiterinnen durchsetzen und tr\u00e4gt nun ein Jahr den Titel und die Kette der Schnapsdrossel.<\/p>\n<!-- \/wp:paragraph -->\n\n<!-- wp:image {\"id\":229} -->\n<figure class=\"wp-block-image\"><img loading=\"lazy\" decoding=\"async\" width=\"625\" height=\"1024\" src=\"https:\/\/schuetzenverein-sudendorf-schierloh.de\/wp-content\/uploads\/2020\/01\/20190809_212115-1-e1578949239565-625x1024.jpg\" alt=\"\" class=\"wp-image-229\" srcset=\"https:\/\/schuetzenverein-sudendorf-schierloh.de\/wp-content\/uploads\/2020\/01\/20190809_212115-1-e1578949239565-625x1024.jpg 625w, https:\/\/schuetzenverein-sudendorf-schierloh.de\/wp-content\/uploads\/2020\/01\/20190809_212115-1-e1578949239565-183x300.jpg 183w, https:\/\/schuetzenverein-sudendorf-schierloh.de\/wp-content\/uploads\/2020\/01\/20190809_212115-1-e1578949239565-768x1258.jpg 768w, https:\/\/schuetzenverein-sudendorf-schierloh.de\/wp-content\/uploads\/2020\/01\/20190809_212115-1-e1578949239565-165x270.jpg 165w\" sizes=\"auto, (max-width: 625px) 100vw, 625px\" \/><\/figure>\n<!-- \/wp:image -->\n\n<!-- wp:paragraph -->\n<p>Der letzte Wettkampf in der Serie war das <strong>Hampelmannschie\u00dfen<\/strong> der Schie\u00dfgruppe am 10. August. Kulinarisch verw\u00f6hnt wurden alle Sch\u00fctzenschwestern und Sch\u00fctzenbr\u00fcder sowie alle G\u00e4ste mit frisch gegrillten Burgern zum selbst \u201ezusammenbauen\u201c. Mit dieser St\u00e4rkung nahmen es die Sch\u00fctzinnen und Sch\u00fctzen dann mit dem h\u00f6lzernen Hampelmann auf. Den finalen Schuss konnte Simon Schr\u00e4der auf den Rumpf abgeben. <\/p>\n<!-- \/wp:paragraph -->\n\n<!-- wp:image {\"id\":230} -->\n<figure class=\"wp-block-image\"><img loading=\"lazy\" decoding=\"async\" width=\"1024\" height=\"576\" src=\"https:\/\/schuetzenverein-sudendorf-schierloh.de\/wp-content\/uploads\/2020\/01\/20190810_220857-1024x576.jpg\" alt=\"\" class=\"wp-image-230\" srcset=\"https:\/\/schuetzenverein-sudendorf-schierloh.de\/wp-content\/uploads\/2020\/01\/20190810_220857-1024x576.jpg 1024w, https:\/\/schuetzenverein-sudendorf-schierloh.de\/wp-content\/uploads\/2020\/01\/20190810_220857-300x169.jpg 300w, https:\/\/schuetzenverein-sudendorf-schierloh.de\/wp-content\/uploads\/2020\/01\/20190810_220857-768x432.jpg 768w, https:\/\/schuetzenverein-sudendorf-schierloh.de\/wp-content\/uploads\/2020\/01\/20190810_220857-480x270.jpg 480w\" sizes=\"auto, (max-width: 1024px) 100vw, 1024px\" \/><\/figure>\n<!-- \/wp:image -->\n\n<!-- wp:paragraph -->\n<p><br> Ein Horrido allen neuen Titeltr\u00e4gern!<\/p>\n<!-- \/wp:paragraph --><\/div><\/li>\n<li><div class=\"wp-block-latest-posts__featured-image aligncenter\"><img loading=\"lazy\" decoding=\"async\" width=\"1024\" height=\"222\" src=\"https:\/\/schuetzenverein-sudendorf-schierloh.de\/wp-content\/uploads\/2023\/01\/Schiessgruppe-1024x222.png\" class=\"attachment-large size-large wp-post-image\" alt=\"\" style=\"\" srcset=\"https:\/\/schuetzenverein-sudendorf-schierloh.de\/wp-content\/uploads\/2023\/01\/Schiessgruppe-1024x222.png 1024w, https:\/\/schuetzenverein-sudendorf-schierloh.de\/wp-content\/uploads\/2023\/01\/Schiessgruppe-300x65.png 300w, https:\/\/schuetzenverein-sudendorf-schierloh.de\/wp-content\/uploads\/2023\/01\/Schiessgruppe-768x167.png 768w, https:\/\/schuetzenverein-sudendorf-schierloh.de\/wp-content\/uploads\/2023\/01\/Schiessgruppe-604x131.png 604w, https:\/\/schuetzenverein-sudendorf-schierloh.de\/wp-content\/uploads\/2023\/01\/Schiessgruppe.png 1093w\" sizes=\"auto, (max-width: 1024px) 100vw, 1024px\" \/><\/div><a class=\"wp-block-latest-posts__post-title\" href=\"https:\/\/schuetzenverein-sudendorf-schierloh.de\/?p=216\">Rundenwettkampf 2019<\/a><time datetime=\"2019-07-01T08:00:57+02:00\" class=\"wp-block-latest-posts__post-date\">1. Juli 2019<\/time><div class=\"wp-block-latest-posts__post-full-content\"><!-- wp:paragraph -->\n<p>Der Rundenwettkampf der Nachbarvereine Schwege, Hardensetten, Meckelwege, F\u00fcchtorf und Sudendorf-Schierloh ist ein fester Termin im Jahreskalender des Schie\u00dfsports. Das Sudendorf-Schierloher Team bestand aus Stephan Gro\u00dfe Brockmann, Ewald Gro\u00dfe Kracht, Stefan Havermann, Frank Inkrot, Stefan Koch, Christian K\u00fcnne und Thorsten Schl\u00f6rmann. <br> Sie konnten an die schie\u00dfsportlichen Erfolge aus den letzten Jahren ankn\u00fcpfen und ihren Titel verteidigen. Zum vierten Mal in Folge konnten sie die benachbarten Sch\u00fctzenteams ausstechen und den Sieg davontragen. Der Pokal verbleibt nun beim BSV Sudendorf-Schierloh. Beim Rundenwettkampf erhalten au\u00dferdem die zehn besten Sch\u00fctzen*Sch\u00fctzinnen eine Medaille. Darunter waren auch einige unserer Vereinskollegen:<\/p>\n<!-- \/wp:paragraph -->\n\n<!-- wp:list {\"ordered\":true} -->\n<ol><!-- wp:list-item -->\n<li>Platz        Stefan Havermann        394<\/li>\n<!-- \/wp:list-item -->\n\n<!-- wp:list-item -->\n<li>Platz        Stephan Gro\u00dfe Brockmann 389<\/li>\n<!-- \/wp:list-item -->\n\n<!-- wp:list-item -->\n<li>Platz        Ewald Gro\u00dfe Kracht      387<\/li>\n<!-- \/wp:list-item -->\n\n<!-- wp:list-item -->\n<li>Platz        Frank Inkrot                384<br><\/li>\n<!-- \/wp:list-item --><\/ol>\n<!-- \/wp:list -->\n\n<!-- wp:image {\"id\":219} -->\n<figure class=\"wp-block-image\"><img loading=\"lazy\" decoding=\"async\" width=\"1024\" height=\"768\" src=\"https:\/\/schuetzenverein-sudendorf-schierloh.de\/wp-content\/uploads\/2020\/01\/IMG_20190509_204901-1024x768.jpg\" alt=\"\" class=\"wp-image-219\" srcset=\"https:\/\/schuetzenverein-sudendorf-schierloh.de\/wp-content\/uploads\/2020\/01\/IMG_20190509_204901-1024x768.jpg 1024w, https:\/\/schuetzenverein-sudendorf-schierloh.de\/wp-content\/uploads\/2020\/01\/IMG_20190509_204901-300x225.jpg 300w, https:\/\/schuetzenverein-sudendorf-schierloh.de\/wp-content\/uploads\/2020\/01\/IMG_20190509_204901-768x576.jpg 768w, https:\/\/schuetzenverein-sudendorf-schierloh.de\/wp-content\/uploads\/2020\/01\/IMG_20190509_204901-360x270.jpg 360w\" sizes=\"auto, (max-width: 1024px) 100vw, 1024px\" \/><figcaption class=\"wp-element-caption\">dav<\/figcaption><\/figure>\n<!-- \/wp:image -->\n\n<!-- wp:paragraph -->\n<p> Herzlichen Gl\u00fcckwunsch zu diesen tollen Ergebnissen und weiterhin \u201eGut Schuss!\u201c. <\/p>\n<!-- \/wp:paragraph -->\n\n<!-- wp:quote -->\n<blockquote class=\"wp-block-quote\"><!-- wp:paragraph -->\n<p>Wer sein schie\u00dfsportliches Talent entdecken oder verbessern m\u00f6chte, ist herzlich zu den \u00dcbungsabenden eingeladen: Immer donnerstags ab 18 Uhr im Sch\u00fctzenhaus in Sudendorf  <\/p>\n<!-- \/wp:paragraph --><\/blockquote>\n<!-- \/wp:quote --><\/div><\/li>\n<li><div class=\"wp-block-latest-posts__featured-image aligncenter\"><img loading=\"lazy\" decoding=\"async\" width=\"1024\" height=\"222\" src=\"https:\/\/schuetzenverein-sudendorf-schierloh.de\/wp-content\/uploads\/2023\/01\/Schiessgruppe-1024x222.png\" class=\"attachment-large size-large wp-post-image\" alt=\"\" style=\"\" srcset=\"https:\/\/schuetzenverein-sudendorf-schierloh.de\/wp-content\/uploads\/2023\/01\/Schiessgruppe-1024x222.png 1024w, https:\/\/schuetzenverein-sudendorf-schierloh.de\/wp-content\/uploads\/2023\/01\/Schiessgruppe-300x65.png 300w, https:\/\/schuetzenverein-sudendorf-schierloh.de\/wp-content\/uploads\/2023\/01\/Schiessgruppe-768x167.png 768w, https:\/\/schuetzenverein-sudendorf-schierloh.de\/wp-content\/uploads\/2023\/01\/Schiessgruppe-604x131.png 604w, https:\/\/schuetzenverein-sudendorf-schierloh.de\/wp-content\/uploads\/2023\/01\/Schiessgruppe.png 1093w\" sizes=\"auto, (max-width: 1024px) 100vw, 1024px\" \/><\/div><a class=\"wp-block-latest-posts__post-title\" href=\"https:\/\/schuetzenverein-sudendorf-schierloh.de\/?p=126\">Vereinsinternes Pokalschie\u00dfen 2019 und Jahreswertung der Schie\u00dfgruppe<\/a><time datetime=\"2019-05-12T13:11:02+02:00\" class=\"wp-block-latest-posts__post-date\">12. Mai 2019<\/time><div class=\"wp-block-latest-posts__post-full-content\"><!-- wp:image {\"id\":129} -->\n<figure class=\"wp-block-image\"><img loading=\"lazy\" decoding=\"async\" width=\"1024\" height=\"681\" src=\"https:\/\/schuetzenverein-sudendorf-schierloh.de\/wp-content\/uploads\/2019\/05\/IMG-20190416-WA0000-1024x681.jpg\" alt=\"\" class=\"wp-image-129\" srcset=\"https:\/\/schuetzenverein-sudendorf-schierloh.de\/wp-content\/uploads\/2019\/05\/IMG-20190416-WA0000-1024x681.jpg 1024w, https:\/\/schuetzenverein-sudendorf-schierloh.de\/wp-content\/uploads\/2019\/05\/IMG-20190416-WA0000-300x200.jpg 300w, https:\/\/schuetzenverein-sudendorf-schierloh.de\/wp-content\/uploads\/2019\/05\/IMG-20190416-WA0000-768x511.jpg 768w, https:\/\/schuetzenverein-sudendorf-schierloh.de\/wp-content\/uploads\/2019\/05\/IMG-20190416-WA0000-406x270.jpg 406w, https:\/\/schuetzenverein-sudendorf-schierloh.de\/wp-content\/uploads\/2019\/05\/IMG-20190416-WA0000.jpg 1600w\" sizes=\"auto, (max-width: 1024px) 100vw, 1024px\" \/><\/figure>\n<!-- \/wp:image -->\n\n<!-- wp:paragraph -->\n<p>Das\nvereinsinterne Pokalschie\u00dfen findet jeweils an den ersten Sonntagen der Monate\nFebruar, M\u00e4rz und April statt. Die Ergebnisse aus 2019 sind:<\/p>\n<!-- \/wp:paragraph -->\n\n<!-- wp:table -->\n<figure class=\"wp-block-table\"><table><tbody><tr><td>\n  <strong>Sch\u00fctzen\n  KK<\/strong>\n  <\/td><\/tr><tr><td>\n  1. Platz\n  <\/td><td>\n  Ewald Gro\u00dfe Kacht\n  <\/td><td>\n  51,7\n  <\/td><\/tr><tr><td>\n  2. Platz\n  <\/td><td>\n  Christian K\u00fcnne\n  <\/td><td>\n  51,1\n  <\/td><\/tr><tr><td>\n  3. Platz\n  <\/td><td>\n  Frank Inkrot\n  <\/td><td>\n  50,3\n  <\/td><\/tr><tr><td>\n  <strong>Sch\u00fcler\/Jugend<\/strong>\n  <\/td><\/tr><tr><td>\n  1. Platz\n  <\/td><td>\n  Lina Hagedorn\n  <\/td><td>\n  100\n  <\/td><\/tr><tr><td>\n  2. Platz\n  <\/td><td>\n  Vinzenz Puke\n  <\/td><td>\n  88\n  <\/td><\/tr><tr><td>\n  <strong>Gl\u00fccksscheibe<\/strong>\n  <\/td><\/tr><tr><td>\n  1. Platz\n  <\/td><td>\n  Rudolf Ziegert\n  <\/td><td>\n  82\n  <\/td><\/tr><tr><td>\n  2. Platz\n  <\/td><td>\n  Bernd Schr\u00e4der\n  <\/td><td>\n  79\n  <\/td><\/tr><tr><td>\n  3. Platz\n  <\/td><td>\n  Thorsten Schl\u00f6rmann\n  <\/td><td>\n  78\n  <\/td><\/tr><\/tbody><\/table><\/figure>\n<!-- \/wp:table -->\n\n<!-- wp:paragraph -->\n<p>Zudem wurden\ndie Ergebnisse des Wanderpokalschie\u00dfens und der Jahreswertung der Schie\u00dfgruppe\naus 2018 bekannt gegeben. Hier durften folgende Vereinsmitglieder \u00fcber Preise\nfreuen:<\/p>\n<!-- \/wp:paragraph -->\n\n<!-- wp:heading {\"level\":4} -->\n<h4>Wanderpokalschie\u00dfen<\/h4>\n<!-- \/wp:heading -->\n\n<!-- wp:paragraph -->\n<p>Sch\u00fcler Luftgewehr 10 Schuss Auflage<\/p>\n<!-- \/wp:paragraph -->\n\n<!-- wp:table -->\n<figure class=\"wp-block-table\"><table><tbody><tr><td>1. Platz<\/td><td>Britta Wiebusch<\/td><td>98<\/td><\/tr><tr><td>2. Platz<\/td><td>Henrieke Riese<\/td><td>95<\/td><\/tr><tr><td>3. Platz<\/td><td>Marie Krause<\/td><td>91<\/td><\/tr><\/tbody><\/table><\/figure>\n<!-- \/wp:table -->\n\n<!-- wp:paragraph -->\n<p>Jugend Luftgewehr 10 Schuss Freihand<\/p>\n<!-- \/wp:paragraph -->\n\n<!-- wp:table -->\n<figure class=\"wp-block-table\"><table><tbody><tr><td>1. Platz<\/td><td>Lina Hagedorn<\/td><td>68<\/td><\/tr><tr><td>2. Platz<\/td><td>Antonia Wiebusch<\/td><td>57<\/td><\/tr><tr><td>3. Platz<\/td><td>Sebastian Walgern<\/td><td>49<\/td><\/tr><\/tbody><\/table><\/figure>\n<!-- \/wp:table -->\n\n<!-- wp:paragraph -->\n<p>Sch\u00fctzen KK 10 Schuss Auflage<\/p>\n<!-- \/wp:paragraph -->\n\n<!-- wp:table -->\n<figure class=\"wp-block-table\"><table><tbody><tr><td>1. Platz<\/td><td>Frank Inkrot<\/td><td>95, 9 (Stecher 46,9)<\/td><\/tr><tr><td>2. Platz<\/td><td>Simon Schr\u00e4der<\/td><td>95,9 (Stecher 44,4)<\/td><\/tr><tr><td>3. Platz<\/td><td>Christian K\u00fcnne<\/td><td>94,8<\/td><\/tr><\/tbody><\/table><\/figure>\n<!-- \/wp:table -->\n\n<!-- wp:heading {\"level\":4} -->\n<h4>Dirk Br\u00fcggemann-Ged\u00e4chtnis-Pokal<\/h4>\n<!-- \/wp:heading -->\n\n<!-- wp:table -->\n<figure class=\"wp-block-table\"><table><tbody><tr><td>      <\/td><td>Lina Hagedorn<\/td><td>97<\/td><\/tr><\/tbody><\/table><\/figure>\n<!-- \/wp:table -->\n\n<!-- wp:image {\"id\":127} -->\n<figure class=\"wp-block-image\"><img loading=\"lazy\" decoding=\"async\" width=\"1024\" height=\"681\" src=\"https:\/\/schuetzenverein-sudendorf-schierloh.de\/wp-content\/uploads\/2019\/05\/Vereinsinternes-Pokalschie\u00dfen-1024x681.jpg\" alt=\"\" class=\"wp-image-127\" srcset=\"https:\/\/schuetzenverein-sudendorf-schierloh.de\/wp-content\/uploads\/2019\/05\/Vereinsinternes-Pokalschie\u00dfen-1024x681.jpg 1024w, https:\/\/schuetzenverein-sudendorf-schierloh.de\/wp-content\/uploads\/2019\/05\/Vereinsinternes-Pokalschie\u00dfen-300x200.jpg 300w, https:\/\/schuetzenverein-sudendorf-schierloh.de\/wp-content\/uploads\/2019\/05\/Vereinsinternes-Pokalschie\u00dfen-768x511.jpg 768w, https:\/\/schuetzenverein-sudendorf-schierloh.de\/wp-content\/uploads\/2019\/05\/Vereinsinternes-Pokalschie\u00dfen-406x270.jpg 406w, https:\/\/schuetzenverein-sudendorf-schierloh.de\/wp-content\/uploads\/2019\/05\/Vereinsinternes-Pokalschie\u00dfen.jpg 1600w\" sizes=\"auto, (max-width: 1024px) 100vw, 1024px\" \/><\/figure>\n<!-- \/wp:image -->\n\n<!-- wp:heading {\"level\":4} -->\n<h4>Jahreswertung<\/h4>\n<!-- \/wp:heading -->\n\n<!-- wp:table -->\n<figure class=\"wp-block-table\"><table><tbody><tr><td>Sch\u00fclerklasse<\/td><td><\/td><td><\/td><\/tr><tr><td><\/td><td>Britta Wiebusch<\/td><td>1429<\/td><\/tr><tr><td><\/td><td>Henrieke Riese<\/td><td>1409<\/td><\/tr><\/tbody><\/table><\/figure>\n<!-- \/wp:table -->\n\n<!-- wp:table -->\n<figure class=\"wp-block-table\"><table><tbody><tr><td>Jugendklasse<\/td><td><\/td><td><\/td><\/tr><tr><td><\/td><td>Antonia Wiebusch<\/td><td>1459<\/td><\/tr><tr><td><\/td><td>Lina Hagedorn<\/td><td>1458<\/td><\/tr><tr><td><\/td><td>Sebastian Walgern<\/td><td>1384<\/td><\/tr><tr><td><\/td><td>Vinzenz Puke<\/td><td>1305<\/td><\/tr><\/tbody><\/table><\/figure>\n<!-- \/wp:table -->\n\n<!-- wp:paragraph -->\n<p><\/p>\n<!-- \/wp:paragraph --><\/div><\/li>\n<li><div class=\"wp-block-latest-posts__featured-image aligncenter\"><img loading=\"lazy\" decoding=\"async\" width=\"1024\" height=\"222\" src=\"https:\/\/schuetzenverein-sudendorf-schierloh.de\/wp-content\/uploads\/2023\/01\/Schiessgruppe-1024x222.png\" class=\"attachment-large size-large wp-post-image\" alt=\"\" style=\"\" srcset=\"https:\/\/schuetzenverein-sudendorf-schierloh.de\/wp-content\/uploads\/2023\/01\/Schiessgruppe-1024x222.png 1024w, https:\/\/schuetzenverein-sudendorf-schierloh.de\/wp-content\/uploads\/2023\/01\/Schiessgruppe-300x65.png 300w, https:\/\/schuetzenverein-sudendorf-schierloh.de\/wp-content\/uploads\/2023\/01\/Schiessgruppe-768x167.png 768w, https:\/\/schuetzenverein-sudendorf-schierloh.de\/wp-content\/uploads\/2023\/01\/Schiessgruppe-604x131.png 604w, https:\/\/schuetzenverein-sudendorf-schierloh.de\/wp-content\/uploads\/2023\/01\/Schiessgruppe.png 1093w\" sizes=\"auto, (max-width: 1024px) 100vw, 1024px\" \/><\/div><a class=\"wp-block-latest-posts__post-title\" href=\"https:\/\/schuetzenverein-sudendorf-schierloh.de\/?p=124\">Das schie\u00dfsportliche Jahr 2018<\/a><time datetime=\"2019-05-01T12:45:31+02:00\" class=\"wp-block-latest-posts__post-date\">1. Mai 2019<\/time><div class=\"wp-block-latest-posts__post-full-content\"><!-- wp:paragraph -->\n<p><strong>Schie\u00dfsport im BSV Sudendorf-Schierloh: 2018 \u2013 Jahresr\u00fcckblick<\/strong><\/p>\n<!-- \/wp:paragraph -->\n\n<!-- wp:paragraph -->\n<p>Den Auftakt\neines jeden schie\u00dfsportlichen Jahres ist der Rundenwettkampf der Nachbarvereine\nHardensetten, F\u00fcchtorf, Meckelwege, Schwege und Sudendorf. Die Schie\u00dfgruppe\nSudendorf trat im Jahr 2018 als Titelverteidiger an. Nach einem spannenden\nKopf-an-Kopf-Rennen konnte der Titel erneut nach Sudendorf geholt werden.\nSofern die Sch\u00fctzinnen und Sch\u00fctzen auch im Jahr 2019 wieder so erfolgreich\nsein sollten, findet der Wanderpokal einen Platz in der neuen Vitrine.\nZeitgleich fanden die Rundenwettk\u00e4mpfe der Jugend-\/Juniorenklasse statt. In der\nEinzelwertung Jugend konnte Sophia Puke mit 200,0 Ringen den 4. Platz\nerreichen. In der Juniorenklasse B belegte Antonia Wiebusch den 4. Platz mit\n196,7 Ringen und Lina Hagedorn einen \u201ePlatz auf dem Treppchen\u201c mit 199,2 Ringen\n(2. Platz). <\/p>\n<!-- \/wp:paragraph -->\n\n<!-- wp:paragraph -->\n<p>Beim\nSolepokal-Schie\u00dfen in Bad Rothenfelde erreichte die Mannschaft mit 397,8 Ringen\nden 5. Platz. Das Wanderpokalschie\u00dfen des Sch\u00fctzenkreises Iburg verlief zun\u00e4chst\ngut. Das Achtelfinale gegen SV Hankenberge-Wellendorf konnte mit 12 Ringen\nVorsprung gewonnen werden. Der anschlie\u00dfende Gegner, SV Oesede-Papierm\u00fchle,\nbeendete jedoch das Turnier f\u00fcr die Sudendorf-Schierloher Mannschaft. Den 5.\nPlatz konnte die Mannschaft beim Kreispokal KK in Bad Laer erreichen (190\nRinge). Beim Wanderpokal kamen sie mit 565 Ringen auf den 4. Platz. Ewald Gro\u00dfe\nKracht erreichte als bester Sch\u00fctze in der Einzelwertung den 8. Platz. Das\nAusschie\u00dfen des Vereinspokals in Erpen-Timmern konnte mit dem 2. Platz (194\nRinge) abgeschlossen werden. Besser war die Mannschaft vom SV\nOesede-Papierm\u00fchle mit 3 Ringen mehr. <\/p>\n<!-- \/wp:paragraph -->\n\n<!-- wp:paragraph -->\n<p>Die\nJugendschie\u00dfsportwoche in M\u00fcschen ist ein Highlight f\u00fcr unsere\nNachwuchssch\u00fctzinnen und \u2013sch\u00fctzen. Hier k\u00f6nnen sie sich mit dem Nachwuchs der\nanderen Vereine messen. Die Ergebnisse waren gut. Die Jugendmannschaft mit\nBritta Wiebusch, Henrieke Riese und Sophia Puke erreichte mit 582 Ringen den 2.\nPlatz. In der Einzelwertung war Sophia Puke ebenfalls erfolgreich. Mit 198\nRingen konnte sie den 2. Platz erringen. Ihre Vereinskameradin Lina Hagedorn\nerreichte mit der gleichen Ringzahl den 2. Platz in der Juniorenklasse.<\/p>\n<!-- \/wp:paragraph -->\n\n<!-- wp:paragraph -->\n<p>Die\n\u201eSommerpause\u201c im Schie\u00dfsport wurde traditionell f\u00fcr das Hampelmannschie\u00dfen im\nVerein genutzt, damit niemand aus der \u00dcbung kommt J Bei herrlichem Sommerwetter, kaltem,\nfrisch gezapftem Bier und leckerem Grillfleisch waren die Rahmenbedingungen f\u00fcr\neinen sch\u00f6nen Abend gegeben. Lukas Dingwerth konnte den letzten Schuss abfeuern\nund wird bis zum n\u00e4chsten Sommer den Titel des Hampelmann-K\u00f6nigs tragen. An\ndieser Stelle ein herzliches Dankesch\u00f6n an alle Helfer*innen, die zum Erfolg\ndieses Abends beigetragen haben.<\/p>\n<!-- \/wp:paragraph -->\n\n<!-- wp:paragraph -->\n<p>Nach der\nSommerpause ging es weiter mit den Rundenwettk\u00e4mpfen im Sch\u00fctzenkreis. Hier\ntraten zwei Mannschaften des BSV Sudendorf-Schierloh an. Die zweite Mannschaft\nschied leider bereits in der Vorrunde aus und die erste Mannschaft konnte im\nViertelfinale gegen die 1. Mannschaft des BSV Schwege nicht bestehen. <\/p>\n<!-- \/wp:paragraph -->\n\n<!-- wp:paragraph -->\n<p>Bei den\nKreismeisterschaften waren unsere Jungsch\u00fctzen wieder erfolgreich. Sebastian\nWalgern, Manuel Taubitz und Vinzenz Puke belegten in der Disziplin 50 m KK die\nPl\u00e4tze acht bis zehn. In der Damen-\/Herrenklasse konnte die Mannschaft mit\nFrank Inkrot, Stefan Havermann und Stephan Gro\u00dfe Brockmann mit 899,5 Ringen\nPlatz 2 erreichen. In der Einzelwertung konnte Stephan Gro\u00dfe Brockmann mit\n298,6 Ringen den 4. Platz belegen. Magnus Herbermann kam mit 0,1 Ringen\nVorsprung auf Platz 3. Doch das sollte in diesem Wettkampf noch nicht alles\ngewesen sein. Mit 304,3 Ringen konnte Stefan Havermann den 1. Platz f\u00fcr sich\nbestreiten. In der Seniorenklasse erreichte Ewald Gro\u00dfe Kracht den 1. Platz mit\n304,7 Ringen. In der Sch\u00fctzenklasse konnten Simon Schr\u00e4der und Stefan Koch die\nbeiden Pl\u00e4tze nach dem Treppchen erreichen. In der Disziplin 100 m KK erreichte\ndie Mannschaft des BSV Sudendorf-Schierloh den 5. Platz (1170 Ringe) und Stefan\nHavermann in der Einzelwertung den 2. Platz (297 Ringe). In der Disziplin\nLuftgewehr konnten sich die Nachwuchssch\u00fctzen erneut durchsetzen: Sophia Puke\nerreichte in der Jugendklasse den 2. Platz und Lina Hagedorn erreichte in der\nJunioren B Klasse ebenfalls Platz 2. In der Mannschaftswertung der Herrenklasse\nkonnten sich Frank Inkrot, Stefan Havermann und Stephan Gro\u00dfe Brockmann mit\n930,5 Ringen \u00fcber den 1. Platz freuen. Stefan Havermann war auch hier in der\nEinzelwertung wieder erfolgreich. Mit 313,2 Ringen erreichte er den 1. Platz.<\/p>\n<!-- \/wp:paragraph -->\n\n<!-- wp:paragraph -->\n<p>Der Verein\nkann somit erneut auf ein erfolgreiches schie\u00dfsportliches Jahr zur\u00fcckblicken.\nDie Erfolge in der Jugend-\/Juniorenklasse gehen insbesondere auf die\ntatkr\u00e4ftige Unterst\u00fctzung des Jugendschie\u00dfsportleiters Ewald Gro\u00dfe Kracht\nzur\u00fcck. Selbst beim vereinsinternen Gruppenschie\u00dfen konnte er seine Mannschaft\n(Lina Hagedorn, Rudolf Ziegert, Manuel Taubitz, Britta Wiebusch, Enno\nHanewinkel, Josef K\u00f6ster, Thorsten Schl\u00f6rmann, Christian K\u00fcnne) mit 10 Punkten\nVorsprung zum Sieg f\u00fchren. <\/p>\n<!-- \/wp:paragraph -->\n\n<!-- wp:paragraph -->\n<p>Ein gro\u00dfer\nDank sei an dieser Stellen allen gesagt, die sich im Schie\u00dfsport des Vereins\naktiv einbringen. Ohne sie w\u00e4ren die guten Erfolge nicht m\u00f6glich! <\/p>\n<!-- \/wp:paragraph --><\/div><\/li>\n<li><a class=\"wp-block-latest-posts__post-title\" href=\"https:\/\/schuetzenverein-sudendorf-schierloh.de\/?p=40\">Hampelmannschie\u00dfen<\/a><time datetime=\"2018-08-11T19:00:07+02:00\" class=\"wp-block-latest-posts__post-date\">11. August 2018<\/time><div class=\"wp-block-latest-posts__post-full-content\"><!-- wp:paragraph -->\n<p>Das Hampelmannschie\u00dfen ist eines der schie\u00dfsportlichen Highlights des Vereinsjahres, welchem besonders die j\u00fcngeren Mitglieder der Schie\u00dfgruppe immer wieder entgegenfiebern. Bekannterweise wird ein h\u00f6lzerner Hampelmann mithilfe eines Luftgewehres geschossen. Am 11. August 2018 konnte sich Lukas Dingwerth gegen seine Mitstreiter durchsetzen und darf nun ein Jahr lang den Titel Hampelmann-K\u00f6nig tragen.<\/p>\n<!-- \/wp:paragraph -->\n\n<!-- wp:image {\"id\":41} -->\n<figure class=\"wp-block-image\"><img loading=\"lazy\" decoding=\"async\" width=\"768\" height=\"1024\" src=\"https:\/\/schuetzenverein-sudendorf-schierloh.de\/wp-content\/uploads\/2019\/02\/IMG-20180811-WA0019-768x1024.jpg\" alt=\"\" class=\"wp-image-41\" srcset=\"https:\/\/schuetzenverein-sudendorf-schierloh.de\/wp-content\/uploads\/2019\/02\/IMG-20180811-WA0019-768x1024.jpg 768w, https:\/\/schuetzenverein-sudendorf-schierloh.de\/wp-content\/uploads\/2019\/02\/IMG-20180811-WA0019-225x300.jpg 225w, https:\/\/schuetzenverein-sudendorf-schierloh.de\/wp-content\/uploads\/2019\/02\/IMG-20180811-WA0019-203x270.jpg 203w, https:\/\/schuetzenverein-sudendorf-schierloh.de\/wp-content\/uploads\/2019\/02\/IMG-20180811-WA0019.jpg 1200w\" sizes=\"auto, (max-width: 768px) 100vw, 768px\" \/><figcaption>Hampelmannk\u00f6nig 2018\/2019: Lukas Dingwerth<\/figcaption><\/figure>\n<!-- \/wp:image --><\/div><\/li>\n<\/ul>","protected":false},"excerpt":{"rendered":"","protected":false},"author":6,"featured_media":0,"parent":0,"menu_order":0,"comment_status":"closed","ping_status":"closed","template":"","meta":{"ocean_post_layout":"","ocean_both_sidebars_style":"","ocean_both_sidebars_content_width":0,"ocean_both_sidebars_sidebars_width":0,"ocean_sidebar":"","ocean_second_sidebar":"","ocean_disable_margins":"enable","ocean_add_body_class":"","ocean_shortcode_before_top_bar":"","ocean_shortcode_after_top_bar":"","ocean_shortcode_before_header":"","ocean_shortcode_after_header":"","ocean_has_shortcode":"","ocean_shortcode_after_title":"","ocean_shortcode_before_footer_widgets":"","ocean_shortcode_after_footer_widgets":"","ocean_shortcode_before_footer_bottom":"","ocean_shortcode_after_footer_bottom":"","ocean_display_top_bar":"default","ocean_display_header":"default","ocean_header_style":"","ocean_center_header_left_menu":"","ocean_custom_header_template":"","ocean_custom_logo":0,"ocean_custom_retina_logo":0,"ocean_custom_logo_max_width":0,"ocean_custom_logo_tablet_max_width":0,"ocean_custom_logo_mobile_max_width":0,"ocean_custom_logo_max_height":0,"ocean_custom_logo_tablet_max_height":0,"ocean_custom_logo_mobile_max_height":0,"ocean_header_custom_menu":"","ocean_menu_typo_font_family":"","ocean_menu_typo_font_subset":"","ocean_menu_typo_font_size":0,"ocean_menu_typo_font_size_tablet":0,"ocean_menu_typo_font_size_mobile":0,"ocean_menu_typo_font_size_unit":"px","ocean_menu_typo_font_weight":"","ocean_menu_typo_font_weight_tablet":"","ocean_menu_typo_font_weight_mobile":"","ocean_menu_typo_transform":"","ocean_menu_typo_transform_tablet":"","ocean_menu_typo_transform_mobile":"","ocean_menu_typo_line_height":0,"ocean_menu_typo_line_height_tablet":0,"ocean_menu_typo_line_height_mobile":0,"ocean_menu_typo_line_height_unit":"","ocean_menu_typo_spacing":0,"ocean_menu_typo_spacing_tablet":0,"ocean_menu_typo_spacing_mobile":0,"ocean_menu_typo_spacing_unit":"","ocean_menu_link_color":"","ocean_menu_link_color_hover":"","ocean_menu_link_color_active":"","ocean_menu_link_background":"","ocean_menu_link_hover_background":"","ocean_menu_link_active_background":"","ocean_menu_social_links_bg":"","ocean_menu_social_hover_links_bg":"","ocean_menu_social_links_color":"","ocean_menu_social_hover_links_color":"","ocean_disable_title":"default","ocean_disable_heading":"default","ocean_post_title":"","ocean_post_subheading":"","ocean_post_title_style":"","ocean_post_title_background_color":"","ocean_post_title_background":0,"ocean_post_title_bg_image_position":"","ocean_post_title_bg_image_attachment":"","ocean_post_title_bg_image_repeat":"","ocean_post_title_bg_image_size":"","ocean_post_title_height":0,"ocean_post_title_bg_overlay":0.5,"ocean_post_title_bg_overlay_color":"","ocean_disable_breadcrumbs":"default","ocean_breadcrumbs_color":"","ocean_breadcrumbs_separator_color":"","ocean_breadcrumbs_links_color":"","ocean_breadcrumbs_links_hover_color":"","ocean_display_footer_widgets":"default","ocean_display_footer_bottom":"default","ocean_custom_footer_template":"","footnotes":""},"class_list":["post-1455","page","type-page","status-publish","hentry","entry"],"_links":{"self":[{"href":"https:\/\/schuetzenverein-sudendorf-schierloh.de\/index.php?rest_route=\/wp\/v2\/pages\/1455","targetHints":{"allow":["GET"]}}],"collection":[{"href":"https:\/\/schuetzenverein-sudendorf-schierloh.de\/index.php?rest_route=\/wp\/v2\/pages"}],"about":[{"href":"https:\/\/schuetzenverein-sudendorf-schierloh.de\/index.php?rest_route=\/wp\/v2\/types\/page"}],"author":[{"embeddable":true,"href":"https:\/\/schuetzenverein-sudendorf-schierloh.de\/index.php?rest_route=\/wp\/v2\/users\/6"}],"replies":[{"embeddable":true,"href":"https:\/\/schuetzenverein-sudendorf-schierloh.de\/index.php?rest_route=%2Fwp%2Fv2%2Fcomments&post=1455"}],"version-history":[{"count":1,"href":"https:\/\/schuetzenverein-sudendorf-schierloh.de\/index.php?rest_route=\/wp\/v2\/pages\/1455\/revisions"}],"predecessor-version":[{"id":1456,"href":"https:\/\/schuetzenverein-sudendorf-schierloh.de\/index.php?rest_route=\/wp\/v2\/pages\/1455\/revisions\/1456"}],"wp:attachment":[{"href":"https:\/\/schuetzenverein-sudendorf-schierloh.de\/index.php?rest_route=%2Fwp%2Fv2%2Fmedia&parent=1455"}],"curies":[{"name":"wp","href":"https:\/\/api.w.org\/{rel}","templated":true}]}}